{"id":187934,"date":"2026-04-24T00:01:11","date_gmt":"2026-04-23T22:01:11","guid":{"rendered":"https:\/\/ruhr-real.de\/objekt\/flexible-bueroflaechen-in-bochum-ausstattung-nach-mieterwunsch-provisionsfrei\/"},"modified":"2026-04-24T09:36:11","modified_gmt":"2026-04-24T07:36:11","slug":"flexible-bueroflaechen-in-bochum-ausstattung-nach-mieterwunsch-provisionsfrei","status":"publish","type":"property","link":"https:\/\/ruhr-real.de\/en\/objekt\/flexible-bueroflaechen-in-bochum-ausstattung-nach-mieterwunsch-provisionsfrei\/","title":{"rendered":"Flexible B\u00fcrofl\u00e4chen in Bochum | Ausstattung nach Mieterwunsch | PROVISIONSFREI"},"content":{"rendered":"<p>Bei dem vakanten Geb\u00e4udekomplex handelt es sich um ein renoviertes, freistehendes B\u00fcrohaus. Die Ausstattung der Fl\u00e4chen ist flexibel nach Mieterwunsch anpassbar. Eine Vielzahl an Au\u00dfenstellpl\u00e4tzen bietet ausreichende Parkm\u00f6glichkeiten.<\/p>\n<p>Zur Zeit stehen folgende Fl\u00e4chen zur Disposition:<\/p>\n<p>Einzelstehendes Geb\u00e4ude 1. OG : ca. 290 m\u00b2<br \/>\nHauptgeb\u00e4ude: ca. 190 m\u00b2<\/p>\n<p>Die moderne B\u00fcroimmobilie befindet sich nord-\u00f6stlich der Innenstadt, nahe der Hernerstra\u00dfe. Das Objekt ist hervorragend an die Autobahnen A40, A43, A42  und den \u00d6PNV angebunden.<br \/>\nEine optimale Nahversorgung wird durch verschiedene Gastronomienagebote in der Umgebung gew\u00e4hrleistet.<\/p>\n<p>Hotels in der Umgebung: acora Hotel &amp; Wohnen, B&amp;B Hotel Bochum-Herne<\/p>\n<p>Bedeutende Unternehmen in der B\u00fcromarktzone: HELLWEG, AWO<\/p>\n<p>\u2022 Bodenbelag: Teppichboden<br \/>\n\u2022 Verkabelungsort: Fensterbankkabelkanal<br \/>\n\u2022 Verkabelung: vom Vormieter<br \/>\n\u2022 Teek\u00fcche: voll ausgestattet<br \/>\n\u2022 Beleuchtung: Rasterleuchten<br \/>\n\u2022 Sonnenschutz: au\u00dfenliegend, elektrisch<\/p>\n<p>Es gelten ausschlie\u00dflich unsere AGB (www.ruhr-real.de\/agb). Wir m\u00f6chten Sie darauf hinweisen, dass die Angaben ausschlie\u00dflich auf den uns vom Eigent\u00fcmer \u00fcbermittelten Unterlagen und Informationen basieren. F\u00fcr Richtigkeit und Vollst\u00e4ndigkeit \u00fcbernehmen wir keine Gew\u00e4hr. Zwischenvermietung vorbehalten.<br \/>\n<div class=\"widget widget_immonex_user_defined_properties_widget\"><div class=\"immonex-widget immonex-widget-houzez\">\n\t\t<div class=\"immonex-widget-title clearfix\">\n\t\t<h2 class=\"widgettitle\">Energieeffizienz<\/h2>\t<\/div>\n\t\t<ul class=\"immonex-property-details row list-lined list-unstyled\">\n\t\t\t\t<li>\n\t\t\t<div class=\"list-lined-item w-100 d-flex justify-content-between py-2\">\n\t\t\t\t\t\t\t\t<strong class=\"property-details-label\">Energieausweis-Jahrgang:<\/strong>&nbsp;<span class=\"property-details-value\">not available<\/span>\n\t\t\t\t\t\t\t<\/div>\n\t\t<\/li>\n\t\t\t<\/ul>\n<\/div><\/div><\/p>\n","protected":false},"excerpt":{"rendered":"<p>Bei dem vakanten Geb\u00e4udekomplex handelt es sich um ein renoviertes, freistehendes B\u00fcrohaus. Die Ausstattung der&#8230;<\/p>\n","protected":false},"author":1,"featured_media":188082,"parent":0,"menu_order":0,"template":"","property_type":[379],"property_status":[352],"property_feature":[537,350],"property_label":[],"property_country":[353],"property_state":[],"property_city":[292],"property_area":[],"class_list":["post-187934","property","type-property","status-publish","has-post-thumbnail","hentry","property_type-bueroflaechen","property_status-zu-vermieten","property_feature-gewerbliche-nutzung-moeglich","property_feature-raeume-veraenderbar","property_country-deutschland","property_city-bochum"],"acf":[],"property_meta":{"_immonex_import_folder":["users\/RUHRREAL"],"_immonex_translation_id":["1311\/E6"],"_openimmo_obid":["9CE16F29336E413C9CE53F0392A1E4BA"],"_is_immonex_import_property":["1"],"_immonex_is_reference":[""],"rank_math_internal_links_processed":["1"],"copied_media_ids":["a:0:{}"],"referenced_media_ids":["a:0:{}"],"_immonex_post_status":["updated"],"fave_property_map_address":["44809 Bochum"],"fave_property_zip":["44809"],"fave_property_country":["DE"],"_immonex_lat":["51.4943031489"],"_immonex_lng":["7.19607832218"],"houzez_geolocation_lat":["51.4943031489"],"houzez_geolocation_long":["7.19607832218"],"fave_property_location":["51.4943031489,7.19607832218"],"fave_property_price":["6.30"],"fave_property_sec_price":["6.0000"],"fave_property_size":["190"],"fave_property_id":["1311\/E6"],"_fave_property_id":["1311\/E6"],"_immonex_iso_country":["DEU"],"fave_nebenkosten":["4&nbsp;\u20ac"],"_openimmo_anid":["0000"],"_immonex_group_number":[""],"_immonex_group_id":[""],"_immonex_group_master":[""],"_immonex_import_meta":["a:6:{s:8:\"zip_file\";s:131:\"\/www\/htdocs\/w0172e0e\/ruhr-real_2024\/wp-content\/uploads\/immonex-openimmo-import\/users\/RUHRREAL\/Immowelt_estatePro_20260424093500.zip\";s:8:\"xml_file\";s:158:\"\/www\/htdocs\/w0172e0e\/ruhr-real_2024\/wp-content\/uploads\/immonex-openimmo-import\/immowelt_estatepro_20260424093500\/Homepage_2024_NEW_estatePro20260424093500.xml\";s:12:\"mapping_file\";s:116:\"\/www\/htdocs\/w0172e0e\/ruhr-real_2024\/wp-content\/uploads\/immonex-openimmo-import\/mappings\/houzez_ruhrreal_20260325.csv\";s:9:\"timestamp\";i:1777016171;s:4:\"date\";s:10:\"2026-04-24\";s:4:\"time\";s:8:\"09:36:11\";}"],"_immonex_is_sold":[""],"_immonex_is_reserved":[""],"_immonex_is_available":["1"],"_immonex_areabutler_url_with_address":[""],"_immonex_areabutler_url_no_address":[""],"_immonex_areabutler_url":[""],"additional_features":["a:13:{i:0;a:2:{s:29:\"fave_additional_feature_title\";s:14:\"Nettokaltmiete\";s:29:\"fave_additional_feature_value\";s:13:\"6,30&nbsp;\u20ac\";}i:1;a:2:{s:29:\"fave_additional_feature_title\";s:9:\"Kaltmiete\";s:29:\"fave_additional_feature_value\";s:13:\"6,30&nbsp;\u20ac\";}i:2;a:2:{s:29:\"fave_additional_feature_title\";s:29:\"monatl. Betriebs-\/Nebenkosten\";s:29:\"fave_additional_feature_value\";s:10:\"4&nbsp;\u20ac\";}i:3;a:2:{s:29:\"fave_additional_feature_title\";s:33:\"Heizkosten in Warmmiete enthalten\";s:29:\"fave_additional_feature_value\";s:4:\"nein\";}i:4;a:2:{s:29:\"fave_additional_feature_title\";s:32:\"Preise zuz\u00fcglich Mehrwertsteuer\";s:29:\"fave_additional_feature_value\";s:4:\"nein\";}i:5;a:2:{s:29:\"fave_additional_feature_title\";s:23:\"Netto-Kaltmiete pro m\u00b2\";s:29:\"fave_additional_feature_value\";s:10:\"6&nbsp;\u20ac\";}i:6;a:2:{s:29:\"fave_additional_feature_title\";s:10:\"MwSt.-Satz\";s:29:\"fave_additional_feature_value\";s:9:\"19&nbsp;%\";}i:7;a:2:{s:29:\"fave_additional_feature_title\";s:12:\"B\u00fcrofl\u00e4che\";s:29:\"fave_additional_feature_value\";s:12:\"190&nbsp;m\u00b2\";}i:8;a:2:{s:29:\"fave_additional_feature_title\";s:19:\"Art der Ausstattung\";s:29:\"fave_additional_feature_value\";s:8:\"Standard\";}i:9;a:2:{s:29:\"fave_additional_feature_title\";s:10:\"Bodenbelag\";s:29:\"fave_additional_feature_value\";s:7:\"Teppich\";}i:10;a:2:{s:29:\"fave_additional_feature_title\";s:13:\"Stellplatzart\";s:29:\"fave_additional_feature_value\";s:9:\"Freiplatz\";}i:11;a:2:{s:29:\"fave_additional_feature_title\";s:7:\"Zustand\";s:29:\"fave_additional_feature_value\";s:9:\"renoviert\";}i:12;a:2:{s:29:\"fave_additional_feature_title\";s:27:\"Immobilie ist verf\u00fcgbar ab\";s:29:\"fave_additional_feature_value\";s:10:\"01.07.2026\";}}"],"fave_additional_features_enable":["enable"],"_immonex_custom_fields":["a:1:{s:23:\"Energieausweis-Jahrgang\";a:5:{s:14:\"mapping_source\";s:38:\"zustand_angaben->energiepass->jahrgang\";s:4:\"name\";s:0:\"\";s:5:\"group\";s:5:\"epass\";s:5:\"value\";s:13:\"not available\";s:19:\"value_before_filter\";s:4:\"ohne\";}}"],"_immonex_property_xml_source":["<?xml version=\"1.0\"?>\n<immobilie>\n<objektkategorie>\n<nutzungsart WOHNEN=\"false\" GEWERBE=\"true\"\/>\n<vermarktungsart KAUF=\"false\" MIETE_PACHT=\"true\"\/>\n<objektart>\n<buero_praxen buero_typ=\"BUEROHAUS\"\/>\n<\/objektart>\n<user_defined_simplefield\/>\n<\/objektkategorie>\n<geo>\n<plz>44809<\/plz>\n<ort>Bochum<\/ort>\n<strasse>Bergmannstra&#xDF;e<\/strasse>\n<hausnummer>32<\/hausnummer>\n<land iso_land=\"DEU\"\/>\n<lage_im_bau\/>\n<\/geo>\n<kontaktperson>\n<email_zentrale>anfrage@ruhr-real.de<\/email_zentrale>\n<email_direkt>ostermann@ruhr-real.de<\/email_direkt>\n<tel_durchw>+49 201 99996333<\/tel_durchw>\n<tel_fax>+49 201 99996344<\/tel_fax>\n<tel_handy>+49 162 8184000<\/tel_handy>\n<name>Ostermann<\/name>\n<vorname>Leon<\/vorname>\n<anrede>Herr<\/anrede>\n<firma>RUHR REAL GmbH<\/firma>\n<strasse>Holsterhauser Platz<\/strasse>\n<hausnummer>2<\/hausnummer>\n<plz>45147<\/plz>\n<ort>Essen<\/ort>\n<adressfreigabe>true<\/adressfreigabe>\n<\/kontaktperson>\n<preise>\n<nettokaltmiete>6.30<\/nettokaltmiete>\n<kaltmiete>6.30<\/kaltmiete>\n<nebenkosten>4.00<\/nebenkosten>\n<heizkosten_enthalten>false<\/heizkosten_enthalten>\n<zzg_mehrwertsteuer>false<\/zzg_mehrwertsteuer>\n<preis_zeiteinheit\/>\n<mietpreis_pro_qm>6.0000<\/mietpreis_pro_qm>\n<provisionspflichtig>false<\/provisionspflichtig>\n<waehrung iso_waehrung=\"EUR\"\/>\n<mwst_satz>19.00<\/mwst_satz>\n<stp_carport\/>\n<stp_duplex\/>\n<stp_freiplatz\/>\n<stp_garage\/>\n<stp_parkhaus\/>\n<stp_tiefgarage\/>\n<\/preise>\n<bieterverfahren\/>\n<versteigerung\/>\n<flaechen>\n<bueroflaeche>190<\/bueroflaeche>\n<anzahl_stellplaetze type=\"xsd:decimal\">12<\/anzahl_stellplaetze>\n<\/flaechen>\n<ausstattung>\n<ausstatt_kategorie>STANDARD<\/ausstatt_kategorie>\n<raeume_veraenderbar>true<\/raeume_veraenderbar>\n<bad\/>\n<kueche\/>\n<boden TEPPICH=\"true\"\/>\n<heizungsart\/>\n<befeuerung\/>\n<fahrstuhl\/>\n<stellplatzart FREIPLATZ=\"true\"\/>\n<ausricht_balkon_terrasse\/>\n<angeschl_gastronomie\/>\n<sicherheitstechnik\/>\n<\/ausstattung>\n<zustand_angaben>\n<zustand zustand_art=\"TEIL_VOLLRENOVIERT\"\/>\n<energiepass>\n<jahrgang>ohne<\/jahrgang>\n<\/energiepass>\n<\/zustand_angaben>\n<bewertung\/>\n<infrastruktur\/>\n<freitexte>\n<objekttitel>Flexible B&#xFC;rofl&#xE4;chen in Bochum | Ausstattung nach Mieterwunsch | PROVISIONSFREI<\/objekttitel>\n<lage>Die moderne B&#xFC;roimmobilie befindet sich nord-&#xF6;stlich der Innenstadt, nahe der Hernerstra&#xDF;e. Das Objekt ist hervorragend an die Autobahnen A40, A43, A42  und den &#xD6;PNV angebunden.\nEine optimale Nahversorgung wird durch verschiedene Gastronomienagebote in der Umgebung gew&#xE4;hrleistet.\n\nHotels in der Umgebung: acora Hotel &amp; Wohnen, B&amp;B Hotel Bochum-Herne\n\nBedeutende Unternehmen in der B&#xFC;romarktzone: HELLWEG, AWO<\/lage>\n<ausstatt_beschr>&#x2022; Bodenbelag: Teppichboden\n&#x2022; Verkabelungsort: Fensterbankkabelkanal\n&#x2022; Verkabelung: vom Vormieter\t\n&#x2022; Teek&#xFC;che: voll ausgestattet\n&#x2022; Beleuchtung: Rasterleuchten\n&#x2022; Sonnenschutz: au&#xDF;enliegend, elektrisch\n<\/ausstatt_beschr>\n<objektbeschreibung>Bei dem vakanten Geb&#xE4;udekomplex handelt es sich um ein renoviertes, freistehendes B&#xFC;rohaus. Die Ausstattung der Fl&#xE4;chen ist flexibel nach Mieterwunsch anpassbar. Eine Vielzahl an Au&#xDF;enstellpl&#xE4;tzen bietet ausreichende Parkm&#xF6;glichkeiten.\n\nZur Zeit stehen folgende Fl&#xE4;chen zur Disposition: \n\nEinzelstehendes Geb&#xE4;ude 1. OG : ca. 290 m&#xB2;\nHauptgeb&#xE4;ude: ca. 190 m&#xB2;<\/objektbeschreibung>\n<sonstige_angaben>Es gelten ausschlie&#xDF;lich unsere AGB (www.ruhr-real.de\/agb). Wir m&#xF6;chten Sie darauf hinweisen, dass die Angaben ausschlie&#xDF;lich auf den uns vom Eigent&#xFC;mer &#xFC;bermittelten Unterlagen und Informationen basieren. F&#xFC;r Richtigkeit und Vollst&#xE4;ndigkeit &#xFC;bernehmen wir keine Gew&#xE4;hr. Zwischenvermietung vorbehalten.<\/sonstige_angaben>\n<\/freitexte>\n<anhaenge>\n<anhang location=\"EXTERN\" gruppe=\"TITELBILD\">\n<anhangtitel>Au&#xDF;enansicht<\/anhangtitel>\n<format>jpeg<\/format>\n<daten>\n<pfad>38821832a49d45278ab5b552dfb52b79.jpeg<\/pfad>\n<\/daten>\n<\/anhang>\n<anhang location=\"EXTERN\" gruppe=\"BILD\">\n<anhangtitel>Geb&#xE4;ude<\/anhangtitel>\n<format>jpeg<\/format>\n<daten>\n<pfad>8eb657d77c1a4066a7ba75ce3517043d.jpeg<\/pfad>\n<\/daten>\n<\/anhang>\n<anhang location=\"EXTERN\" gruppe=\"BILD\">\n<anhangtitel>B&#xFC;ro<\/anhangtitel>\n<format>png<\/format>\n<daten>\n<pfad>1706a9e33d254b8a82d166b416a89726.png<\/pfad>\n<\/daten>\n<\/anhang>\n<anhang location=\"EXTERN\" gruppe=\"BILD\">\n<anhangtitel>Fluransicht <\/anhangtitel>\n<format>png<\/format>\n<daten>\n<pfad>3d24641a04d94dd485dc4f1b0016ec89.png<\/pfad>\n<\/daten>\n<\/anhang>\n<anhang location=\"EXTERN\" gruppe=\"BILD\">\n<anhangtitel>Parkfl&#xE4;che<\/anhangtitel>\n<format>jpeg<\/format>\n<daten>\n<pfad>026d4aa6856d49fd98da40c6311b6021.jpeg<\/pfad>\n<\/daten>\n<\/anhang>\n<anhang location=\"EXTERN\" gruppe=\"GRUNDRISS\">\n<anhangtitel>Grundriss<\/anhangtitel>\n<format>png<\/format>\n<daten>\n<pfad>0f278a79cd4746089e70b232a1e8a6dc.png<\/pfad>\n<\/daten>\n<\/anhang>\n<\/anhaenge>\n<verwaltung_objekt>\n<objektadresse_freigeben>false<\/objektadresse_freigeben>\n<verfuegbar_ab>01.07.2026<\/verfuegbar_ab>\n<geschlecht\/>\n<gewerbliche_nutzung>true<\/gewerbliche_nutzung>\n<\/verwaltung_objekt>\n<verwaltung_techn>\n<objektnr_intern>9CE16F29336E413C9CE53F0392A1E4BA<\/objektnr_intern>\n<objektnr_extern>1311\/E6<\/objektnr_extern>\n<aktion aktionart=\"CHANGE\"\/>\n<openimmo_obid>9CE16F29336E413C9CE53F0392A1E4BA<\/openimmo_obid>\n<kennung_ursprung>estatePro V10.0.0.8<\/kennung_ursprung>\n<stand_vom>2026-04-24<\/stand_vom>\n<\/verwaltung_techn>\n<user_defined_simplefield feldname=\"Startseite\">Nein<\/user_defined_simplefield>\n<\/immobilie>\n"],"_immonex_energy_class":[""],"_immonex_energy_class_id":["0"],"_thumbnail_id":["188082"],"fave_property_images":["188082","188083","188084","188085","188086"],"fave_floor_plans_enable":["enable"],"floor_plans":["a:1:{i:0;a:7:{s:15:\"fave_plan_title\";s:9:\"Grundriss\";s:15:\"fave_plan_rooms\";s:0:\"\";s:19:\"fave_plan_bathrooms\";s:0:\"\";s:15:\"fave_plan_price\";s:0:\"\";s:14:\"fave_plan_size\";s:0:\"\";s:15:\"fave_plan_image\";s:84:\"https:\/\/ruhr-real.de\/wp-content\/uploads\/2026\/04\/0f278a79cd4746089e70b232a1e8a6dc.png\";s:21:\"fave_plan_description\";s:0:\"\";}}"],"fave_prop_homeslider":["yes"],"fave_prop_slider_image":["188082"],"fave_agents":["142704"],"fave_agent_display_option":["agent_info"],"fave_single_top_area":["global"],"fave_single_content_area":["global"],"fave_property_map":["1"],"fave_property_map_street_view":["hide"],"fave_property_size_prefix":["m\u00b2"],"fave_property_land_postfix":["m\u00b2"],"fave_featured":["0"],"houzez_featured_listing_date":[""],"fave_property_price_postfix":["pro&nbsp;m\u00b2"],"fave_currency":["EUR"],"fave_currency_info":["a:8:{s:2:\"id\";s:1:\"1\";s:13:\"currency_name\";s:4:\"Euro\";s:13:\"currency_code\";s:3:\"EUR\";s:15:\"currency_symbol\";s:3:\"\u20ac\";s:17:\"currency_position\";s:5:\"after\";s:16:\"currency_decimal\";s:1:\"2\";s:26:\"currency_decimal_separator\";s:1:\",\";s:27:\"currency_thousand_separator\";s:1:\".\";}"],"_wpml_word_count":["261"],"houzez_total_property_views":["34"],"houzez_views_by_date":["a:5:{s:10:\"04-24-2026\";i:6;s:10:\"04-25-2026\";i:8;s:10:\"04-26-2026\";i:8;s:10:\"04-27-2026\";i:8;s:10:\"04-28-2026\";i:4;}"],"houzez_recently_viewed":["2026-04-28 12:56:32"],"_elementor_page_assets":["a:0:{}"]},"_links":{"self":[{"href":"https:\/\/ruhr-real.de\/en\/wp-json\/wp\/v2\/properties\/187934","targetHints":{"allow":["GET"]}}],"collection":[{"href":"https:\/\/ruhr-real.de\/en\/wp-json\/wp\/v2\/properties"}],"about":[{"href":"https:\/\/ruhr-real.de\/en\/wp-json\/wp\/v2\/types\/property"}],"author":[{"embeddable":true,"href":"https:\/\/ruhr-real.de\/en\/wp-json\/wp\/v2\/users\/1"}],"version-history":[{"count":0,"href":"https:\/\/ruhr-real.de\/en\/wp-json\/wp\/v2\/properties\/187934\/revisions"}],"wp:featuredmedia":[{"embeddable":true,"href":"https:\/\/ruhr-real.de\/en\/wp-json\/wp\/v2\/media\/188082"}],"wp:attachment":[{"href":"https:\/\/ruhr-real.de\/en\/wp-json\/wp\/v2\/media?parent=187934"}],"wp:term":[{"taxonomy":"property_type","embeddable":true,"href":"https:\/\/ruhr-real.de\/en\/wp-json\/wp\/v2\/property_type?post=187934"},{"taxonomy":"property_status","embeddable":true,"href":"https:\/\/ruhr-real.de\/en\/wp-json\/wp\/v2\/property_status?post=187934"},{"taxonomy":"property_feature","embeddable":true,"href":"https:\/\/ruhr-real.de\/en\/wp-json\/wp\/v2\/property_feature?post=187934"},{"taxonomy":"property_label","embeddable":true,"href":"https:\/\/ruhr-real.de\/en\/wp-json\/wp\/v2\/property_label?post=187934"},{"taxonomy":"property_country","embeddable":true,"href":"https:\/\/ruhr-real.de\/en\/wp-json\/wp\/v2\/property_country?post=187934"},{"taxonomy":"property_state","embeddable":true,"href":"https:\/\/ruhr-real.de\/en\/wp-json\/wp\/v2\/property_state?post=187934"},{"taxonomy":"property_city","embeddable":true,"href":"https:\/\/ruhr-real.de\/en\/wp-json\/wp\/v2\/property_city?post=187934"},{"taxonomy":"property_area","embeddable":true,"href":"https:\/\/ruhr-real.de\/en\/wp-json\/wp\/v2\/property_area?post=187934"}],"curies":[{"name":"wp","href":"https:\/\/api.w.org\/{rel}","templated":true}]}}