{"id":187969,"date":"2026-04-23T00:01:02","date_gmt":"2026-04-22T22:01:02","guid":{"rendered":"https:\/\/ruhr-real.de\/objekt\/multifunktionale-flaechennutzung-in-der-essener-city-top-anbindung-individueller-ausbau\/"},"modified":"2026-04-23T14:20:02","modified_gmt":"2026-04-23T12:20:02","slug":"multifunktionale-flaechennutzung-in-der-essener-city-top-anbindung-individueller-ausbau","status":"publish","type":"property","link":"https:\/\/ruhr-real.de\/en\/objekt\/multifunktionale-flaechennutzung-in-der-essener-city-top-anbindung-individueller-ausbau\/","title":{"rendered":"Multifunktionale Fl\u00e4chennutzung in der Essener City | top Anbindung | individueller Ausbau"},"content":{"rendered":"<p>Das B\u00fcro- und Gesch\u00e4ftshaus befindet sich in bester innerst\u00e4dtischer Lage Essen und wird im Zuge einer geplanten umfassenden Modernisierung zukunftsorientiert neu positioniert und mit modernen Nutzungskonzepten an Mieter aus den Bereichen Einzelhandel, Gastronomie, Kultur und Freizeit sowie B\u00fcro- und Praxisfl\u00e4chen vermietet.<\/p>\n<p>Auch in der zuk\u00fcnftigen Fl\u00e4chenstruktur sind im Erdgeschoss weiterhin attraktive Einzelhandels- und Gastronomienutzungen vorgesehen. In den dar\u00fcberliegenden Etagen sollen flexible Nutzungsm\u00f6glichkeiten geschaffen werden, wodurch ein vielseitiges und lebendiges Nutzungskonzept im Herzen der Essener Innenstadt entsteht.<\/p>\n<p>Derzeit stehen folgende Fl\u00e4chen zur Disposition:<\/p>\n<p>2. OG: ca. 1.740 m\u00b2<br \/>\n3. OG: ca. 1.735 m\u00b2<br \/>\n4. OG: ca. 1.495 m\u00b2<br \/>\n5. OG: ca. 1.330 m\u00b2<\/p>\n<p>Die Fl\u00e4chen sind teilbar ab ca. 400 m\u00b2.<\/p>\n<p>Das B\u00fcrogeb\u00e4ude befindet sich im Citykern von Essen und  in direkter Lage zur Essener Innenstadt. Das Geb\u00e4ude profitiert von seiner Lage an der stark frequentierten Fu\u00dfg\u00e4ngerzone. Der Limbecker Platz befindet sich nur ca. 5 Gehminuten entfernt. Durch die zentrale Lage, bietet das Objekt eine hervorragende \u00d6PVN Anbindung. Die A40 und die B224 ist innerhalb weniger Minuten zu erreichen.<\/p>\n<p>Bedeutende Unternehmen in der B\u00fcromarktzone: Allbau, AOK, Commerzbank, IHK, Nationalbank, Pax Bank, RWE, T\u00dcV Nord<\/p>\n<p>Hotels in der Umgebung: Motel One, Novum Hotel, Hotel Lindenhof, InterCity Hotel<\/p>\n<p>\u2022 Sonnenschutz: nach Vereinbarung<br \/>\n\u2022 Bodenbelag: nach Mieterwunsch<br \/>\n\u2022 Verkabelung: CAT-7<br \/>\n\u2022 K\u00fchlung: Klimaanlage<br \/>\n\u2022 Kabelf\u00fchrung: Bodentanks<br \/>\n\u2022 Beleuchtung: Deckenbeleuchtung<br \/>\n\u2022 Teek\u00fcche: nach Vereinbarung<br \/>\n\u2022 Aufzug: Personenaufzug<\/p>\n<p>Es gelten ausschlie\u00dflich unsere AGB (www.ruhr-real.de\/agb). Wir m\u00f6chten Sie darauf hinweisen, dass die Angaben ausschlie\u00dflich auf den uns vom Eigent\u00fcmer \u00fcbermittelten Unterlagen und Informationen basieren. F\u00fcr Richtigkeit und Vollst\u00e4ndigkeit \u00fcbernehmen wir keine Gew\u00e4hr. Zwischenvermietung vorbehalten.<br \/>\n<div class=\"widget widget_immonex_user_defined_properties_widget\"><div class=\"immonex-widget immonex-widget-houzez\">\n\t\t<div class=\"immonex-widget-title clearfix\">\n\t\t<h2 class=\"widgettitle\">Energieeffizienz<\/h2>\t<\/div>\n\t\t<ul class=\"immonex-property-details row list-lined list-unstyled\">\n\t\t\t\t<li>\n\t\t\t<div class=\"list-lined-item w-100 d-flex justify-content-between py-2\">\n\t\t\t\t\t\t\t\t<strong class=\"property-details-label\">Baujahr (Energieausweis):<\/strong>&nbsp;<span class=\"property-details-value\">2020<\/span>\n\t\t\t\t\t\t\t<\/div>\n\t\t<\/li>\n\t\t\t\t<li>\n\t\t\t<div class=\"list-lined-item w-100 d-flex justify-content-between py-2\">\n\t\t\t\t\t\t\t\t<strong class=\"property-details-label\">Energieausweis-Jahrgang:<\/strong>&nbsp;<span class=\"property-details-value\">not available<\/span>\n\t\t\t\t\t\t\t<\/div>\n\t\t<\/li>\n\t\t\t<\/ul>\n<\/div><\/div><\/p>\n","protected":false},"excerpt":{"rendered":"<p>Das B\u00fcro- und Gesch\u00e4ftshaus befindet sich in bester innerst\u00e4dtischer Lage Essen und wird im Zuge einer geplanten&#8230;<\/p>\n","protected":false},"author":1,"featured_media":187996,"parent":0,"menu_order":0,"template":"","property_type":[379],"property_status":[352],"property_feature":[537,361,354,350],"property_label":[],"property_country":[353],"property_state":[],"property_city":[306],"property_area":[314],"class_list":["post-187969","property","type-property","status-publish","has-post-thumbnail","hentry","property_type-bueroflaechen","property_status-zu-vermieten","property_feature-gewerbliche-nutzung-moeglich","property_feature-klimaanlage","property_feature-personenaufzug","property_feature-raeume-veraenderbar","property_country-deutschland","property_city-essen","property_area-sudostviertel"],"acf":[],"property_meta":{"_immonex_import_folder":["users\/RUHRREAL"],"_immonex_translation_id":["1147\/E2"],"_openimmo_obid":["42BE08D4548B4074A74E268C0F8EE335"],"_is_immonex_import_property":["1"],"_immonex_is_reference":[""],"rank_math_internal_links_processed":["1"],"copied_media_ids":["a:0:{}"],"referenced_media_ids":["a:0:{}"],"_immonex_post_status":["updated"],"fave_property_map_address":["45127 Essen"],"fave_property_zip":["45127"],"fave_property_country":["DE"],"_immonex_lat":["51.4514769"],"_immonex_lng":["7.0104679"],"houzez_geolocation_lat":["51.4514769"],"houzez_geolocation_long":["7.0104679"],"fave_property_location":["51.4514769,7.0104679"],"fave_property_size":["400"],"fave_property_year":["1920"],"fave_property_id":["1147\/E2"],"_fave_property_id":["1147\/E2"],"_immonex_iso_country":["DEU"],"fave_nebenkosten":["3,50&nbsp;\u20ac"],"_openimmo_anid":["0000"],"_immonex_group_number":["3"],"_immonex_group_id":[""],"_immonex_group_master":[""],"_immonex_import_meta":["a:6:{s:8:\"zip_file\";s:131:\"\/www\/htdocs\/w0172e0e\/ruhr-real_2024\/wp-content\/uploads\/immonex-openimmo-import\/users\/RUHRREAL\/Immowelt_estatePro_20260423141847.zip\";s:8:\"xml_file\";s:158:\"\/www\/htdocs\/w0172e0e\/ruhr-real_2024\/wp-content\/uploads\/immonex-openimmo-import\/immowelt_estatepro_20260423141847\/Homepage_2024_NEW_estatePro20260423141847.xml\";s:12:\"mapping_file\";s:116:\"\/www\/htdocs\/w0172e0e\/ruhr-real_2024\/wp-content\/uploads\/immonex-openimmo-import\/mappings\/houzez_ruhrreal_20260325.csv\";s:9:\"timestamp\";i:1776946802;s:4:\"date\";s:10:\"2026-04-23\";s:4:\"time\";s:8:\"14:20:02\";}"],"_immonex_is_sold":[""],"_immonex_is_reserved":[""],"_immonex_is_available":["1"],"_immonex_areabutler_url_with_address":[""],"_immonex_areabutler_url_no_address":[""],"_immonex_areabutler_url":[""],"additional_features":["a:12:{i:0;a:2:{s:29:\"fave_additional_feature_title\";s:11:\"Heizungsart\";s:29:\"fave_additional_feature_value\";s:11:\"Fernheizung\";}i:1;a:2:{s:29:\"fave_additional_feature_title\";s:29:\"monatl. Betriebs-\/Nebenkosten\";s:29:\"fave_additional_feature_value\";s:13:\"3,50&nbsp;\u20ac\";}i:2;a:2:{s:29:\"fave_additional_feature_title\";s:33:\"Heizkosten in Warmmiete enthalten\";s:29:\"fave_additional_feature_value\";s:4:\"nein\";}i:3;a:2:{s:29:\"fave_additional_feature_title\";s:32:\"Preise zuz\u00fcglich Mehrwertsteuer\";s:29:\"fave_additional_feature_value\";s:4:\"nein\";}i:4;a:2:{s:29:\"fave_additional_feature_title\";s:10:\"MwSt.-Satz\";s:29:\"fave_additional_feature_value\";s:9:\"19&nbsp;%\";}i:5;a:2:{s:29:\"fave_additional_feature_title\";s:12:\"B\u00fcrofl\u00e4che\";s:29:\"fave_additional_feature_value\";s:14:\"1.735&nbsp;m\u00b2\";}i:6;a:2:{s:29:\"fave_additional_feature_title\";s:16:\"B\u00fcroteilfl\u00e4che\";s:29:\"fave_additional_feature_value\";s:12:\"400&nbsp;m\u00b2\";}i:7;a:2:{s:29:\"fave_additional_feature_title\";s:10:\"Teilbar ab\";s:29:\"fave_additional_feature_value\";s:12:\"400&nbsp;m\u00b2\";}i:8;a:2:{s:29:\"fave_additional_feature_title\";s:19:\"Art der Ausstattung\";s:29:\"fave_additional_feature_value\";s:8:\"Standard\";}i:9;a:2:{s:29:\"fave_additional_feature_title\";s:10:\"Bodenbelag\";s:29:\"fave_additional_feature_value\";s:7:\"Teppich\";}i:10;a:2:{s:29:\"fave_additional_feature_title\";s:7:\"Zustand\";s:29:\"fave_additional_feature_value\";s:8:\"gepflegt\";}i:11;a:2:{s:29:\"fave_additional_feature_title\";s:27:\"Immobilie ist verf\u00fcgbar ab\";s:29:\"fave_additional_feature_value\";s:6:\"sofort\";}}"],"fave_additional_features_enable":["enable"],"_immonex_custom_fields":["a:2:{s:24:\"Baujahr (Energieausweis)\";a:5:{s:14:\"mapping_source\";s:37:\"zustand_angaben->energiepass->baujahr\";s:4:\"name\";s:0:\"\";s:5:\"group\";s:5:\"epass\";s:5:\"value\";s:4:\"2020\";s:19:\"value_before_filter\";s:4:\"2020\";}s:23:\"Energieausweis-Jahrgang\";a:5:{s:14:\"mapping_source\";s:38:\"zustand_angaben->energiepass->jahrgang\";s:4:\"name\";s:0:\"\";s:5:\"group\";s:5:\"epass\";s:5:\"value\";s:13:\"not available\";s:19:\"value_before_filter\";s:4:\"ohne\";}}"],"_immonex_property_xml_source":["<?xml version=\"1.0\"?>\n<immobilie>\n<objektkategorie>\n<nutzungsart WOHNEN=\"false\" GEWERBE=\"true\"\/>\n<vermarktungsart KAUF=\"false\" MIETE_PACHT=\"true\"\/>\n<objektart>\n<buero_praxen buero_typ=\"BUEROHAUS\"\/>\n<\/objektart>\n<user_defined_simplefield\/>\n<\/objektkategorie>\n<geo>\n<plz>45127<\/plz>\n<ort>Essen<\/ort>\n<strasse>Limbecker Stra&#xDF;e<\/strasse>\n<hausnummer>25-37<\/hausnummer>\n<land iso_land=\"DEU\"\/>\n<lage_im_bau\/>\n<regionaler_zusatz>S&#xFC;dostviertel<\/regionaler_zusatz>\n<\/geo>\n<kontaktperson>\n<email_zentrale>anfrage@ruhr-real.de<\/email_zentrale>\n<email_direkt>bruckmann@ruhr-real.de<\/email_direkt>\n<tel_durchw>+49 201 99996337<\/tel_durchw>\n<tel_fax>+49 201 99996344<\/tel_fax>\n<tel_handy>+49 172 7088870<\/tel_handy>\n<name>Bruckmann<\/name>\n<vorname>Jonas<\/vorname>\n<anrede>Herr<\/anrede>\n<firma>RUHR REAL GmbH<\/firma>\n<strasse>Holsterhauser Platz<\/strasse>\n<hausnummer>2<\/hausnummer>\n<plz>45147<\/plz>\n<ort>Essen<\/ort>\n<adressfreigabe>true<\/adressfreigabe>\n<\/kontaktperson>\n<preise>\n<nebenkosten>3.50<\/nebenkosten>\n<heizkosten_enthalten>false<\/heizkosten_enthalten>\n<zzg_mehrwertsteuer>false<\/zzg_mehrwertsteuer>\n<preis_zeiteinheit\/>\n<provisionspflichtig>false<\/provisionspflichtig>\n<waehrung iso_waehrung=\"EUR\"\/>\n<mwst_satz>19.00<\/mwst_satz>\n<stp_carport\/>\n<stp_duplex\/>\n<stp_freiplatz\/>\n<stp_garage\/>\n<stp_parkhaus\/>\n<stp_tiefgarage\/>\n<\/preise>\n<bieterverfahren\/>\n<versteigerung\/>\n<flaechen>\n<bueroflaeche>1735<\/bueroflaeche>\n<bueroteilflaeche>400<\/bueroteilflaeche>\n<teilbar_ab>400<\/teilbar_ab>\n<\/flaechen>\n<ausstattung>\n<ausstatt_kategorie>STANDARD<\/ausstatt_kategorie>\n<raeume_veraenderbar>true<\/raeume_veraenderbar>\n<bad\/>\n<kueche\/>\n<boden TEPPICH=\"true\"\/>\n<heizungsart FERN=\"true\"\/>\n<befeuerung\/>\n<klimatisiert>true<\/klimatisiert>\n<fahrstuhl PERSONEN=\"true\"\/>\n<ausricht_balkon_terrasse\/>\n<angeschl_gastronomie\/>\n<sicherheitstechnik\/>\n<\/ausstattung>\n<zustand_angaben>\n<baujahr>1920<\/baujahr>\n<zustand zustand_art=\"GEPFLEGT\"\/>\n<energiepass>\n<baujahr>2020<\/baujahr>\n<jahrgang>ohne<\/jahrgang>\n<\/energiepass>\n<\/zustand_angaben>\n<bewertung\/>\n<infrastruktur\/>\n<freitexte>\n<objekttitel>Multifunktionale Fl&#xE4;chennutzung in der Essener City | top Anbindung | individueller Ausbau<\/objekttitel>\n<lage>Das B&#xFC;rogeb&#xE4;ude befindet sich im Citykern von Essen und  in direkter Lage zur Essener Innenstadt. Das Geb&#xE4;ude profitiert von seiner Lage an der stark frequentierten Fu&#xDF;g&#xE4;ngerzone. Der Limbecker Platz befindet sich nur ca. 5 Gehminuten entfernt. Durch die zentrale Lage, bietet das Objekt eine hervorragende &#xD6;PVN Anbindung. Die A40 und die B224 ist innerhalb weniger Minuten zu erreichen.\n\nBedeutende Unternehmen in der B&#xFC;romarktzone: Allbau, AOK, Commerzbank, IHK, Nationalbank, Pax Bank, RWE, T&#xDC;V Nord\n\nHotels in der Umgebung: Motel One, Novum Hotel, Hotel Lindenhof, InterCity Hotel<\/lage>\n<ausstatt_beschr>&#x2022; Sonnenschutz: nach Vereinbarung\n&#x2022; Bodenbelag: nach Mieterwunsch\n&#x2022; Verkabelung: CAT-7\n&#x2022; K&#xFC;hlung: Klimaanlage\n&#x2022; Kabelf&#xFC;hrung: Bodentanks\n&#x2022; Beleuchtung: Deckenbeleuchtung\n&#x2022; Teek&#xFC;che: nach Vereinbarung\n&#x2022; Aufzug: Personenaufzug<\/ausstatt_beschr>\n<objektbeschreibung>Das B&#xFC;ro- und Gesch&#xE4;ftshaus befindet sich in bester innerst&#xE4;dtischer Lage Essen und wird im Zuge einer geplanten umfassenden Modernisierung zukunftsorientiert neu positioniert und mit modernen Nutzungskonzepten an Mieter aus den Bereichen Einzelhandel, Gastronomie, Kultur und Freizeit sowie B&#xFC;ro- und Praxisfl&#xE4;chen vermietet. \n\nAuch in der zuk&#xFC;nftigen Fl&#xE4;chenstruktur sind im Erdgeschoss weiterhin attraktive Einzelhandels- und Gastronomienutzungen vorgesehen. In den dar&#xFC;berliegenden Etagen sollen flexible Nutzungsm&#xF6;glichkeiten geschaffen werden, wodurch ein vielseitiges und lebendiges Nutzungskonzept im Herzen der Essener Innenstadt entsteht.\n\nDerzeit stehen folgende Fl&#xE4;chen zur Disposition:\n\n2. OG: ca. 1.740 m&#xB2;\n3. OG: ca. 1.735 m&#xB2;\n4. OG: ca. 1.495 m&#xB2;\n5. OG: ca. 1.330 m&#xB2;\n\nDie Fl&#xE4;chen sind teilbar ab ca. 400 m&#xB2;.<\/objektbeschreibung><sonstige_angaben>Es gelten ausschlie&#xDF;lich unsere AGB (www.ruhr-real.de\/agb). Wir m&#xF6;chten Sie darauf hinweisen, dass die Angaben ausschlie&#xDF;lich auf den uns vom Eigent&#xFC;mer &#xFC;bermittelten Unterlagen und Informationen basieren. F&#xFC;r Richtigkeit und Vollst&#xE4;ndigkeit &#xFC;bernehmen wir keine Gew&#xE4;hr. Zwischenvermietung vorbehalten.<\/sonstige_angaben>\n<\/freitexte>\n<anhaenge>\n<anhang location=\"EXTERN\" gruppe=\"TITELBILD\">\n<anhangtitel>Au&#xDF;enbild<\/anhangtitel>\n<format>jpg<\/format>\n<daten>\n<pfad>0629bcda82e34e94b6603dc0869e14f7.jpg<\/pfad>\n<\/daten>\n<\/anhang>\n<anhang location=\"EXTERN\" gruppe=\"BILD\">\n<anhangtitel>Visualisierung<\/anhangtitel>\n<format>jpg<\/format>\n<daten>\n<pfad>aff0ecbcfb21428f9e7126a6acd312cd.jpg<\/pfad>\n<\/daten>\n<\/anhang>\n<anhang location=\"EXTERN\" gruppe=\"BILD\">\n<anhangtitel>Visualisierung<\/anhangtitel>\n<format>jpg<\/format>\n<daten>\n<pfad>8ee7452a95f7470692d36896e8798901.jpg<\/pfad>\n<\/daten>\n<\/anhang>\n<anhang location=\"EXTERN\" gruppe=\"BILD\">\n<anhangtitel>Visualisierung<\/anhangtitel>\n<format>jpg<\/format>\n<daten>\n<pfad>b315c9c3b8d14a319447c63f01e6f327.jpg<\/pfad>\n<\/daten>\n<\/anhang>\n<anhang location=\"EXTERN\" gruppe=\"BILD\">\n<anhangtitel>Visualisierung<\/anhangtitel>\n<format>jpg<\/format>\n<daten>\n<pfad>949f18b01b9340cfbff7d1ff247f51bf.jpg<\/pfad>\n<\/daten>\n<\/anhang>\n<anhang location=\"EXTERN\" gruppe=\"BILD\">\n<anhangtitel>Au&#xDF;enansicht <\/anhangtitel>\n<format>JPG<\/format>\n<daten>\n<pfad>df019521e4294219bbc9c898a32628bd.JPG<\/pfad>\n<\/daten>\n<\/anhang>\n<anhang location=\"EXTERN\" gruppe=\"GRUNDRISS\">\n<anhangtitel>2. OG<\/anhangtitel>\n<format>JPG<\/format>\n<daten>\n<pfad>30426a1e8b944ad7865a72152fa66072.JPG<\/pfad>\n<\/daten>\n<\/anhang>\n<anhang location=\"EXTERN\" gruppe=\"GRUNDRISS\">\n<anhangtitel>3. OG<\/anhangtitel>\n<format>JPG<\/format>\n<daten>\n<pfad>338ebee15413496aaf923e09ff7a8170.JPG<\/pfad>\n<\/daten>\n<\/anhang>\n<anhang location=\"EXTERN\" gruppe=\"GRUNDRISS\">\n<anhangtitel>4. OG<\/anhangtitel>\n<format>png<\/format>\n<daten>\n<pfad>44ab9585f4c34fb997616293d9e87bf4.png<\/pfad>\n<\/daten>\n<\/anhang>\n<anhang location=\"EXTERN\" gruppe=\"BILD\">\n<anhangtitel>5. OG<\/anhangtitel>\n<format>png<\/format>\n<daten>\n<pfad>91ce0a5c59024f99bcdd33e8fce296ab.png<\/pfad>\n<\/daten>\n<\/anhang>\n<\/anhaenge>\n<verwaltung_objekt>\n<objektadresse_freigeben>false<\/objektadresse_freigeben>\n<verfuegbar_ab>sofort<\/verfuegbar_ab>\n<gruppennummer>3<\/gruppennummer>\n<geschlecht\/>\n<gewerbliche_nutzung>true<\/gewerbliche_nutzung>\n<\/verwaltung_objekt>\n<verwaltung_techn>\n<objektnr_intern>42BE08D4548B4074A74E268C0F8EE335<\/objektnr_intern>\n<objektnr_extern>1147\/E2<\/objektnr_extern>\n<aktion aktionart=\"CHANGE\"\/>\n<openimmo_obid>42BE08D4548B4074A74E268C0F8EE335<\/openimmo_obid>\n<kennung_ursprung>estatePro V10.0.0.8<\/kennung_ursprung>\n<stand_vom>2026-04-23<\/stand_vom>\n<\/verwaltung_techn>\n<user_defined_simplefield feldname=\"Startseite\">Nein<\/user_defined_simplefield>\n<\/immobilie>\n"],"_immonex_energy_class":[""],"_immonex_energy_class_id":["0"],"_thumbnail_id":["187996"],"fave_property_images":["187996","187997","187998","187999","188000","188001","188005"],"fave_floor_plans_enable":["enable"],"floor_plans":["a:3:{i:0;a:7:{s:15:\"fave_plan_title\";s:5:\"2. OG\";s:15:\"fave_plan_rooms\";s:0:\"\";s:19:\"fave_plan_bathrooms\";s:0:\"\";s:15:\"fave_plan_price\";s:0:\"\";s:14:\"fave_plan_size\";s:0:\"\";s:15:\"fave_plan_image\";s:84:\"https:\/\/ruhr-real.de\/wp-content\/uploads\/2026\/04\/30426a1e8b944ad7865a72152fa66072.jpg\";s:21:\"fave_plan_description\";s:0:\"\";}i:1;a:7:{s:15:\"fave_plan_title\";s:5:\"3. OG\";s:15:\"fave_plan_rooms\";s:0:\"\";s:19:\"fave_plan_bathrooms\";s:0:\"\";s:15:\"fave_plan_price\";s:0:\"\";s:14:\"fave_plan_size\";s:0:\"\";s:15:\"fave_plan_image\";s:84:\"https:\/\/ruhr-real.de\/wp-content\/uploads\/2026\/04\/338ebee15413496aaf923e09ff7a8170.jpg\";s:21:\"fave_plan_description\";s:0:\"\";}i:2;a:7:{s:15:\"fave_plan_title\";s:5:\"4. OG\";s:15:\"fave_plan_rooms\";s:0:\"\";s:19:\"fave_plan_bathrooms\";s:0:\"\";s:15:\"fave_plan_price\";s:0:\"\";s:14:\"fave_plan_size\";s:0:\"\";s:15:\"fave_plan_image\";s:84:\"https:\/\/ruhr-real.de\/wp-content\/uploads\/2026\/04\/44ab9585f4c34fb997616293d9e87bf4.png\";s:21:\"fave_plan_description\";s:0:\"\";}}"],"fave_prop_homeslider":["yes"],"fave_prop_slider_image":["187996"],"fave_agents":["111496"],"fave_agent_display_option":["agent_info"],"fave_single_top_area":["global"],"fave_single_content_area":["global"],"fave_property_price":["0"],"fave_property_map":["1"],"fave_property_map_street_view":["hide"],"fave_property_size_prefix":["m\u00b2"],"fave_property_land_postfix":["m\u00b2"],"fave_featured":["0"],"houzez_featured_listing_date":[""],"fave_currency":["EUR"],"fave_currency_info":["a:8:{s:2:\"id\";s:1:\"1\";s:13:\"currency_name\";s:4:\"Euro\";s:13:\"currency_code\";s:3:\"EUR\";s:15:\"currency_symbol\";s:3:\"\u20ac\";s:17:\"currency_position\";s:5:\"after\";s:16:\"currency_decimal\";s:1:\"2\";s:26:\"currency_decimal_separator\";s:1:\",\";s:27:\"currency_thousand_separator\";s:1:\".\";}"],"_wpml_word_count":["375"],"houzez_total_property_views":["36"],"houzez_views_by_date":["a:6:{s:10:\"04-23-2026\";i:3;s:10:\"04-24-2026\";i:8;s:10:\"04-25-2026\";i:8;s:10:\"04-26-2026\";i:8;s:10:\"04-27-2026\";i:8;s:10:\"04-28-2026\";i:1;}"],"houzez_recently_viewed":["2026-04-28 10:27:14"],"fave_show_price_placeholder":["1"],"_elementor_page_assets":["a:0:{}"]},"_links":{"self":[{"href":"https:\/\/ruhr-real.de\/en\/wp-json\/wp\/v2\/properties\/187969","targetHints":{"allow":["GET"]}}],"collection":[{"href":"https:\/\/ruhr-real.de\/en\/wp-json\/wp\/v2\/properties"}],"about":[{"href":"https:\/\/ruhr-real.de\/en\/wp-json\/wp\/v2\/types\/property"}],"author":[{"embeddable":true,"href":"https:\/\/ruhr-real.de\/en\/wp-json\/wp\/v2\/users\/1"}],"version-history":[{"count":0,"href":"https:\/\/ruhr-real.de\/en\/wp-json\/wp\/v2\/properties\/187969\/revisions"}],"wp:featuredmedia":[{"embeddable":true,"href":"https:\/\/ruhr-real.de\/en\/wp-json\/wp\/v2\/media\/187996"}],"wp:attachment":[{"href":"https:\/\/ruhr-real.de\/en\/wp-json\/wp\/v2\/media?parent=187969"}],"wp:term":[{"taxonomy":"property_type","embeddable":true,"href":"https:\/\/ruhr-real.de\/en\/wp-json\/wp\/v2\/property_type?post=187969"},{"taxonomy":"property_status","embeddable":true,"href":"https:\/\/ruhr-real.de\/en\/wp-json\/wp\/v2\/property_status?post=187969"},{"taxonomy":"property_feature","embeddable":true,"href":"https:\/\/ruhr-real.de\/en\/wp-json\/wp\/v2\/property_feature?post=187969"},{"taxonomy":"property_label","embeddable":true,"href":"https:\/\/ruhr-real.de\/en\/wp-json\/wp\/v2\/property_label?post=187969"},{"taxonomy":"property_country","embeddable":true,"href":"https:\/\/ruhr-real.de\/en\/wp-json\/wp\/v2\/property_country?post=187969"},{"taxonomy":"property_state","embeddable":true,"href":"https:\/\/ruhr-real.de\/en\/wp-json\/wp\/v2\/property_state?post=187969"},{"taxonomy":"property_city","embeddable":true,"href":"https:\/\/ruhr-real.de\/en\/wp-json\/wp\/v2\/property_city?post=187969"},{"taxonomy":"property_area","embeddable":true,"href":"https:\/\/ruhr-real.de\/en\/wp-json\/wp\/v2\/property_area?post=187969"}],"curies":[{"name":"wp","href":"https:\/\/api.w.org\/{rel}","templated":true}]}}