{"id":188234,"date":"2026-04-28T00:01:01","date_gmt":"2026-04-27T22:01:01","guid":{"rendered":"https:\/\/ruhr-real.de\/objekt\/repraesentative-solitaerimmobilie-mit-vielen-stellplaetzen-schulungsflaechen-zentrale-lage\/"},"modified":"2026-04-28T00:01:01","modified_gmt":"2026-04-27T22:01:01","slug":"repraesentative-solitaerimmobilie-mit-vielen-stellplaetzen-schulungsflaechen-zentrale-lage","status":"publish","type":"property","link":"https:\/\/ruhr-real.de\/en\/objekt\/repraesentative-solitaerimmobilie-mit-vielen-stellplaetzen-schulungsflaechen-zentrale-lage\/","title":{"rendered":"Repr\u00e4sentative Solit\u00e4rimmobilie mit vielen Stellpl\u00e4tzen | Schulungsfl\u00e4chen | zentrale Lage"},"content":{"rendered":"<p>Bei dem angebotenem Geb\u00e4ude handelt es sich um eine Gewerbeimmobilie mit einer Gesamtfl\u00e4che von ca. 4.086 m\u00b2, die vielf\u00e4ltige Nutzungsm\u00f6glichkeiten f\u00fcr unterschiedliche Branchen und Konzepte bietet. Die letzte umfassende Modernisierung der Immobilie erfolgte im Jahr 2004. Das Objekt zeichnet sich durch eine funktionale Geb\u00e4udestruktur und eine flexible Fl\u00e4chengestaltung aus, wodurch sich die Immobilie sowohl f\u00fcr B\u00fcro-, Dienstleistungs- als auch f\u00fcr andere gewerbliche Nutzungen hervorragend eignet. Ein barrierefreier Zugang erm\u00f6glicht eine komfortable und uneingeschr\u00e4nkte Erreichbarkeit f\u00fcr Mitarbeiter, Kunden und Besucher. Zur Ausstattung geh\u00f6ren unter anderem ein innenliegender, manuell bedienbarer Sonnenschutz, der zu angenehmen Licht- und Arbeitsverh\u00e4ltnissen beitr\u00e4gt. Dar\u00fcber hinaus stehen insgesamt 169 Stellpl\u00e4tze zur Verf\u00fcgung, die eine sehr gute Parksituation f\u00fcr Nutzer und Besucher gew\u00e4hrleisten.<\/p>\n<p>Die Fl\u00e4chen sind aktuell als B\u00fcro- und Schulungsfl\u00e4chen genehmigt.<\/p>\n<p>Folgende Fl\u00e4chen stehen zu Disposition:<\/p>\n<p>Souterrain &#8211; 2. OG: jeweils 1.022 m\u00b2, teilbar ab: ca. 500 m\u00b2<\/p>\n<p>Das Objekt befindet sich in Gelsenkirchen und \u00fcberzeugt durch eine gute Erreichbarkeit sowie eine angenehme Umgebung mit nahgelegenen Versorgungs- und Erholungsm\u00f6glichkeiten. Bushaltestellen befinden sich direkt vor der T\u00fcr und die A42 befindet sich in 3km Entfernung. Der Gelsenkirchener Hbf ist in etwa 20 Fahrminuten erreichbar und gew\u00e4hrleistet eine zuverl\u00e4ssige Anbindung an den regionalen und \u00fcberregionalen Bahnverkehr. Au\u00dferdem bietet der Standort in unmittelbarer N\u00e4he eine ausgezeichnete Nahversorgung mit verschiedenen Gastronomien und Gesch\u00e4ften des t\u00e4glichen Bedarfs. Dar\u00fcber hinaus liegt der Bulmker Park ebenfalls nur wenige Gehminuten entfernt und bietet ideale M\u00f6glichkeiten f\u00fcr kurze Pausen im Gr\u00fcnen oder einen Ausgleich zum Arbeitsalltag.<\/p>\n<p>Bedeutende Unternehmen in der N\u00e4he: JF Global Supply Chain GmbH, NAVAHOO GmbH, LaminatDEPOT Logistikzentrum<\/p>\n<p>Hotels in der N\u00e4he: PLAZA Hotel Gelsenkirchen, ibis Styles Gelsenkirchen, Good Morning Gelsenkirchen City<\/p>\n<p>\u2022 Sonnenschutz: innenliegend, manuell<br \/>\n\u2022 Beleuchtung: Deckenleuchten<br \/>\n\u2022 Verkabelung: vom Vormieter<br \/>\n\u2022 Verkabelungsort: Kabelkan\u00e4le<br \/>\n\u2022 Klima\/L\u00fcftung: nach Vereinbarung<br \/>\n\u2022 Aufzug: Personenaufzug<br \/>\n\u2022 Bodenbelag: Kunststoffboden<\/p>\n<p>Die Ausstattung kann bei Bedarf angepasst werden!<\/p>\n<p>Highlights:<\/p>\n<p>\u2022 genehmigte Schulungsfl\u00e4chen<br \/>\n\u2022 zentrale Lage<br \/>\n\u2022 sehr gute Nahversorgung<br \/>\n\u2022 viele Stellpl\u00e4tze<br \/>\n\u2022 Solit\u00e4rimmobilie<\/p>\n<p>Es gelten ausschlie\u00dflich unsere AGB (www.ruhr-real.de\/agb). Wir m\u00f6chten Sie darauf hinweisen, dass die Angaben ausschlie\u00dflich auf den uns vom Eigent\u00fcmer \u00fcbermittelten Unterlagen und Informationen basieren. F\u00fcr Richtigkeit und Vollst\u00e4ndigkeit \u00fcbernehmen wir keine Gew\u00e4hr. Zwischenvermietung vorbehalten.<br \/>\n<div class=\"widget widget_immonex_user_defined_properties_widget\"><div class=\"immonex-widget immonex-widget-houzez\">\n\t\t<div class=\"immonex-widget-title clearfix\">\n\t\t<h2 class=\"widgettitle\">Energieeffizienz<\/h2>\t<\/div>\n\t\t<ul class=\"immonex-property-details row list-lined list-unstyled\">\n\t\t\t\t<li>\n\t\t\t<div class=\"list-lined-item w-100 d-flex justify-content-between py-2\">\n\t\t\t\t\t\t\t\t<strong class=\"property-details-label\">Energieausweis-Art:<\/strong>&nbsp;<span class=\"property-details-value\">Consumption<\/span>\n\t\t\t\t\t\t\t<\/div>\n\t\t<\/li>\n\t\t\t\t<li>\n\t\t\t<div class=\"list-lined-item w-100 d-flex justify-content-between py-2\">\n\t\t\t\t\t\t\t\t<strong class=\"property-details-label\">Prim\u00e4renergietr\u00e4ger:<\/strong>&nbsp;<span class=\"property-details-value\">Fernw\u00e4rme<\/span>\n\t\t\t\t\t\t\t<\/div>\n\t\t<\/li>\n\t\t\t\t<li>\n\t\t\t<div class=\"list-lined-item w-100 d-flex justify-content-between py-2\">\n\t\t\t\t\t\t\t\t<strong class=\"property-details-label\">Stromverbrauchskennwert:<\/strong>&nbsp;<span class=\"property-details-value\">22,4&nbsp;kWh\/(m\u00b2*a)<\/span>\n\t\t\t\t\t\t\t<\/div>\n\t\t<\/li>\n\t\t\t\t<li>\n\t\t\t<div class=\"list-lined-item w-100 d-flex justify-content-between py-2\">\n\t\t\t\t\t\t\t\t<strong class=\"property-details-label\">Heizenergieverbrauchskennwert:<\/strong>&nbsp;<span class=\"property-details-value\">77,5&nbsp;kWh\/(m\u00b2*a)<\/span>\n\t\t\t\t\t\t\t<\/div>\n\t\t<\/li>\n\t\t\t\t<li>\n\t\t\t<div class=\"list-lined-item w-100 d-flex justify-content-between py-2\">\n\t\t\t\t\t\t\t\t<strong class=\"property-details-label\">Energieausweis-Jahrgang:<\/strong>&nbsp;<span class=\"property-details-value\">before 2014<\/span>\n\t\t\t\t\t\t\t<\/div>\n\t\t<\/li>\n\t\t\t<\/ul>\n<\/div><\/div><\/p>\n","protected":false},"excerpt":{"rendered":"<p>Bei dem angebotenem Geb\u00e4ude handelt es sich um eine Gewerbeimmobilie mit einer Gesamtfl\u00e4che von ca. 4.086 m\u00b2, die&#8230;<\/p>\n","protected":false},"author":1,"featured_media":188235,"parent":0,"menu_order":0,"template":"","property_type":[379],"property_status":[352],"property_feature":[537,354,350],"property_label":[],"property_country":[353],"property_state":[],"property_city":[309],"property_area":[],"class_list":["post-188234","property","type-property","status-publish","has-post-thumbnail","hentry","property_type-bueroflaechen","property_status-zu-vermieten","property_feature-gewerbliche-nutzung-moeglich","property_feature-personenaufzug","property_feature-raeume-veraenderbar","property_country-deutschland","property_city-gelsenkirchen"],"acf":[],"property_meta":{"rank_math_internal_links_processed":["1"],"copied_media_ids":["a:0:{}"],"referenced_media_ids":["a:0:{}"],"_immonex_post_status":["new"],"_immonex_import_folder":["users\/RUHRREAL"],"fave_property_map_address":["45888 Gelsenkirchen"],"fave_property_zip":["45888"],"fave_property_country":["DE"],"_immonex_lat":["51.5143821085"],"_immonex_lng":["7.12330807246"],"houzez_geolocation_lat":["51.5143821085"],"houzez_geolocation_long":["7.12330807246"],"fave_property_location":["51.5143821085,7.12330807246"],"fave_property_price":["9.50"],"fave_property_sec_price":["9.5000"],"fave_property_size":["1022"],"fave_property_year":["1900"],"fave_property_id":["4980\/E1"],"_fave_property_id":["4980\/E1"],"_immonex_translation_id":["4980\/E1"],"_immonex_iso_country":["DEU"],"_openimmo_obid":["B62C9A032FE344EABC630952A8BCBC56"],"_openimmo_anid":["0000"],"_immonex_group_number":[""],"_immonex_group_id":[""],"_immonex_group_master":[""],"_immonex_import_meta":["a:6:{s:8:\"zip_file\";s:131:\"\/www\/htdocs\/w0172e0e\/ruhr-real_2024\/wp-content\/uploads\/immonex-openimmo-import\/users\/RUHRREAL\/Immowelt_estatePro_20260428120530.zip\";s:8:\"xml_file\";s:158:\"\/www\/htdocs\/w0172e0e\/ruhr-real_2024\/wp-content\/uploads\/immonex-openimmo-import\/immowelt_estatepro_20260428120530\/Homepage_2024_NEW_estatePro20260428120530.xml\";s:12:\"mapping_file\";s:116:\"\/www\/htdocs\/w0172e0e\/ruhr-real_2024\/wp-content\/uploads\/immonex-openimmo-import\/mappings\/houzez_ruhrreal_20260325.csv\";s:9:\"timestamp\";i:1777370822;s:4:\"date\";s:10:\"2026-04-28\";s:4:\"time\";s:8:\"12:07:02\";}"],"_is_immonex_import_property":["1"],"_immonex_is_reference":[""],"_immonex_is_sold":[""],"_immonex_is_reserved":[""],"_immonex_is_available":["1"],"_immonex_areabutler_url_with_address":[""],"_immonex_areabutler_url_no_address":[""],"_immonex_areabutler_url":[""],"additional_features":["a:16:{i:0;a:2:{s:29:\"fave_additional_feature_title\";s:11:\"Heizungsart\";s:29:\"fave_additional_feature_value\";s:11:\"Fernheizung\";}i:1;a:2:{s:29:\"fave_additional_feature_title\";s:14:\"Nettokaltmiete\";s:29:\"fave_additional_feature_value\";s:13:\"9,50&nbsp;\u20ac\";}i:2;a:2:{s:29:\"fave_additional_feature_title\";s:9:\"Kaltmiete\";s:29:\"fave_additional_feature_value\";s:13:\"9,50&nbsp;\u20ac\";}i:3;a:2:{s:29:\"fave_additional_feature_title\";s:33:\"Heizkosten in Warmmiete enthalten\";s:29:\"fave_additional_feature_value\";s:4:\"nein\";}i:4;a:2:{s:29:\"fave_additional_feature_title\";s:32:\"Preise zuz\u00fcglich Mehrwertsteuer\";s:29:\"fave_additional_feature_value\";s:4:\"nein\";}i:5;a:2:{s:29:\"fave_additional_feature_title\";s:23:\"Netto-Kaltmiete pro m\u00b2\";s:29:\"fave_additional_feature_value\";s:13:\"9,50&nbsp;\u20ac\";}i:6;a:2:{s:29:\"fave_additional_feature_title\";s:10:\"MwSt.-Satz\";s:29:\"fave_additional_feature_value\";s:9:\"19&nbsp;%\";}i:7;a:2:{s:29:\"fave_additional_feature_title\";s:12:\"B\u00fcrofl\u00e4che\";s:29:\"fave_additional_feature_value\";s:14:\"1.022&nbsp;m\u00b2\";}i:8;a:2:{s:29:\"fave_additional_feature_title\";s:16:\"B\u00fcroteilfl\u00e4che\";s:29:\"fave_additional_feature_value\";s:14:\"1.022&nbsp;m\u00b2\";}i:9;a:2:{s:29:\"fave_additional_feature_title\";s:10:\"Teilbar ab\";s:29:\"fave_additional_feature_value\";s:14:\"1.022&nbsp;m\u00b2\";}i:10;a:2:{s:29:\"fave_additional_feature_title\";s:19:\"Art der Ausstattung\";s:29:\"fave_additional_feature_value\";s:8:\"Standard\";}i:11;a:2:{s:29:\"fave_additional_feature_title\";s:10:\"Befeuerung\";s:29:\"fave_additional_feature_value\";s:10:\"Fernw\u00e4rme\";}i:12;a:2:{s:29:\"fave_additional_feature_title\";s:10:\"Bodenbelag\";s:29:\"fave_additional_feature_value\";s:7:\"Teppich\";}i:13;a:2:{s:29:\"fave_additional_feature_title\";s:13:\"Stellplatzart\";s:29:\"fave_additional_feature_value\";s:9:\"Freiplatz\";}i:14;a:2:{s:29:\"fave_additional_feature_title\";s:7:\"Zustand\";s:29:\"fave_additional_feature_value\";s:8:\"gepflegt\";}i:15;a:2:{s:29:\"fave_additional_feature_title\";s:27:\"Immobilie ist verf\u00fcgbar ab\";s:29:\"fave_additional_feature_value\";s:17:\"nach Vereinbarung\";}}"],"fave_additional_features_enable":["enable"],"_immonex_custom_fields":["a:5:{s:18:\"Energieausweis-Art\";a:5:{s:14:\"mapping_source\";s:35:\"zustand_angaben->energiepass->epart\";s:4:\"name\";s:0:\"\";s:5:\"group\";s:5:\"epass\";s:5:\"value\";s:11:\"Consumption\";s:19:\"value_before_filter\";s:9:\"VERBRAUCH\";}s:21:\"Prim\u00e4renergietr\u00e4ger\";a:5:{s:14:\"mapping_source\";s:29:\"ausstattung->befeuerung:FERN+\";s:4:\"name\";s:0:\"\";s:5:\"group\";s:5:\"epass\";s:5:\"value\";s:10:\"Fernw\u00e4rme\";s:19:\"value_before_filter\";s:10:\"Fernw\u00e4rme\";}s:23:\"Stromverbrauchskennwert\";a:5:{s:14:\"mapping_source\";s:39:\"zustand_angaben->energiepass->stromwert\";s:4:\"name\";s:0:\"\";s:5:\"group\";s:5:\"epass\";s:5:\"value\";s:21:\"22,4&nbsp;kWh\/(m\u00b2*a)\";s:19:\"value_before_filter\";s:4:\"22,4\";}s:29:\"Heizenergieverbrauchskennwert\";a:5:{s:14:\"mapping_source\";s:40:\"zustand_angaben->energiepass->waermewert\";s:4:\"name\";s:0:\"\";s:5:\"group\";s:5:\"epass\";s:5:\"value\";s:21:\"77,5&nbsp;kWh\/(m\u00b2*a)\";s:19:\"value_before_filter\";s:4:\"77,5\";}s:23:\"Energieausweis-Jahrgang\";a:5:{s:14:\"mapping_source\";s:38:\"zustand_angaben->energiepass->jahrgang\";s:4:\"name\";s:0:\"\";s:5:\"group\";s:5:\"epass\";s:5:\"value\";s:11:\"before 2014\";s:19:\"value_before_filter\";s:4:\"2008\";}}"],"_immonex_property_xml_source":["<?xml version=\"1.0\"?>\n<immobilie>\n<objektkategorie>\n<nutzungsart WOHNEN=\"false\" GEWERBE=\"true\"\/>\n<vermarktungsart KAUF=\"false\" MIETE_PACHT=\"true\"\/>\n<objektart>\n<buero_praxen buero_typ=\"BUEROHAUS\"\/>\n<\/objektart>\n<user_defined_simplefield\/>\n<\/objektkategorie>\n<geo>\n<plz>45888<\/plz>\n<ort>Gelsenkirchen<\/ort>\n<strasse>Wanner Str.<\/strasse>\n<hausnummer>158-160<\/hausnummer>\n<land iso_land=\"DEU\"\/>\n<lage_im_bau\/>\n<\/geo>\n<kontaktperson>\n<email_zentrale>anfrage@ruhr-real.de<\/email_zentrale>\n<email_direkt>jeschke@ruhr-real.de<\/email_direkt>\n<tel_durchw>+49 201 99996333<\/tel_durchw>\n<tel_fax>+49 201 99996344<\/tel_fax>\n<tel_handy>+49 172 7447817<\/tel_handy>\n<name>Jeschke<\/name>\n<vorname>Frederic<\/vorname>\n<anrede>Herr<\/anrede>\n<firma>RUHR REAL GmbH<\/firma>\n<strasse>Holsterhauser Platz<\/strasse>\n<hausnummer>2<\/hausnummer>\n<plz>45147<\/plz>\n<ort>Essen<\/ort>\n<adressfreigabe>true<\/adressfreigabe>\n<\/kontaktperson>\n<preise>\n<nettokaltmiete>9.50<\/nettokaltmiete>\n<kaltmiete>9.50<\/kaltmiete>\n<heizkosten_enthalten>false<\/heizkosten_enthalten>\n<zzg_mehrwertsteuer>false<\/zzg_mehrwertsteuer>\n<preis_zeiteinheit\/>\n<mietpreis_pro_qm>9.5000<\/mietpreis_pro_qm>\n<provisionspflichtig>false<\/provisionspflichtig>\n<waehrung iso_waehrung=\"EUR\"\/>\n<mwst_satz>19.00<\/mwst_satz>\n<stp_carport\/>\n<stp_duplex\/>\n<stp_freiplatz\/>\n<stp_garage\/>\n<stp_parkhaus\/>\n<stp_tiefgarage\/>\n<\/preise>\n<bieterverfahren\/>\n<versteigerung\/>\n<flaechen>\n<bueroflaeche>1022<\/bueroflaeche>\n<bueroteilflaeche>1022<\/bueroteilflaeche>\n<teilbar_ab>1022<\/teilbar_ab>\n<anzahl_stellplaetze type=\"xsd:decimal\">169<\/anzahl_stellplaetze>\n<\/flaechen>\n<ausstattung>\n<ausstatt_kategorie>STANDARD<\/ausstatt_kategorie>\n<raeume_veraenderbar>true<\/raeume_veraenderbar>\n<bad\/>\n<kueche\/>\n<boden TEPPICH=\"true\"\/>\n<heizungsart FERN=\"true\"\/>\n<befeuerung FERN=\"true\"\/>\n<fahrstuhl PERSONEN=\"true\"\/>\n<stellplatzart FREIPLATZ=\"true\"\/>\n<ausricht_balkon_terrasse\/>\n<angeschl_gastronomie\/>\n<sicherheitstechnik\/>\n<\/ausstattung>\n<zustand_angaben>\n<baujahr>1900<\/baujahr>\n<zustand zustand_art=\"GEPFLEGT\"\/>\n<energiepass>\n<epart>VERBRAUCH<\/epart>\n<stromwert>22,4<\/stromwert>\n<waermewert>77,5<\/waermewert>\n<jahrgang>2008<\/jahrgang>\n<\/energiepass>\n<\/zustand_angaben>\n<bewertung\/>\n<infrastruktur\/>\n<freitexte>\n<objekttitel>Repr&#xE4;sentative Solit&#xE4;rimmobilie mit vielen Stellpl&#xE4;tzen | Schulungsfl&#xE4;chen | zentrale Lage<\/objekttitel>\n<lage>Das Objekt befindet sich in Gelsenkirchen und &#xFC;berzeugt durch eine gute Erreichbarkeit sowie eine angenehme Umgebung mit nahgelegenen Versorgungs- und Erholungsm&#xF6;glichkeiten. Bushaltestellen befinden sich direkt vor der T&#xFC;r und die A42 befindet sich in 3km Entfernung. Der Gelsenkirchener Hbf ist in etwa 20 Fahrminuten erreichbar und gew&#xE4;hrleistet eine zuverl&#xE4;ssige Anbindung an den regionalen und &#xFC;berregionalen Bahnverkehr. Au&#xDF;erdem bietet der Standort in unmittelbarer N&#xE4;he eine ausgezeichnete Nahversorgung mit verschiedenen Gastronomien und Gesch&#xE4;ften des t&#xE4;glichen Bedarfs. Dar&#xFC;ber hinaus liegt der Bulmker Park ebenfalls nur wenige Gehminuten entfernt und bietet ideale M&#xF6;glichkeiten f&#xFC;r kurze Pausen im Gr&#xFC;nen oder einen Ausgleich zum Arbeitsalltag.\n\nBedeutende Unternehmen in der N&#xE4;he: JF Global Supply Chain GmbH, NAVAHOO GmbH, LaminatDEPOT Logistikzentrum\n\nHotels in der N&#xE4;he: PLAZA Hotel Gelsenkirchen, ibis Styles Gelsenkirchen, Good Morning Gelsenkirchen City\n<\/lage>\n<ausstatt_beschr>&#x2022; Sonnenschutz: innenliegend, manuell\n&#x2022; Beleuchtung: Deckenleuchten\n&#x2022; Verkabelung: vom Vormieter\n&#x2022; Verkabelungsort: Kabelkan&#xE4;le\n&#x2022; Klima\/L&#xFC;ftung: nach Vereinbarung\n&#x2022; Aufzug: Personenaufzug \n&#x2022; Bodenbelag: Kunststoffboden\n\nDie Ausstattung kann bei Bedarf angepasst werden!\n\nHighlights:\n\n&#x2022; genehmigte Schulungsfl&#xE4;chen\n&#x2022; zentrale Lage\n&#x2022; sehr gute Nahversorgung\n&#x2022; viele Stellpl&#xE4;tze\n&#x2022; Solit&#xE4;rimmobilie<\/ausstatt_beschr><objektbeschreibung>Bei dem angebotenem Geb&#xE4;ude handelt es sich um eine Gewerbeimmobilie mit einer Gesamtfl&#xE4;che von ca. 4.086 m&#xB2;, die vielf&#xE4;ltige Nutzungsm&#xF6;glichkeiten f&#xFC;r unterschiedliche Branchen und Konzepte bietet. Die letzte umfassende Modernisierung der Immobilie erfolgte im Jahr 2004. Das Objekt zeichnet sich durch eine funktionale Geb&#xE4;udestruktur und eine flexible Fl&#xE4;chengestaltung aus, wodurch sich die Immobilie sowohl f&#xFC;r B&#xFC;ro-, Dienstleistungs- als auch f&#xFC;r andere gewerbliche Nutzungen hervorragend eignet. Ein barrierefreier Zugang erm&#xF6;glicht eine komfortable und uneingeschr&#xE4;nkte Erreichbarkeit f&#xFC;r Mitarbeiter, Kunden und Besucher. Zur Ausstattung geh&#xF6;ren unter anderem ein innenliegender, manuell bedienbarer Sonnenschutz, der zu angenehmen Licht- und Arbeitsverh&#xE4;ltnissen beitr&#xE4;gt. Dar&#xFC;ber hinaus stehen insgesamt 169 Stellpl&#xE4;tze zur Verf&#xFC;gung, die eine sehr gute Parksituation f&#xFC;r Nutzer und Besucher gew&#xE4;hrleisten.\n\nDie Fl&#xE4;chen sind aktuell als B&#xFC;ro- und Schulungsfl&#xE4;chen genehmigt.\n\nFolgende Fl&#xE4;chen stehen zu Disposition:\n\nSouterrain - 2. OG: jeweils 1.022 m&#xB2;, teilbar ab: ca. 500 m&#xB2;<\/objektbeschreibung>\n<sonstige_angaben>Es gelten ausschlie&#xDF;lich unsere AGB (www.ruhr-real.de\/agb). Wir m&#xF6;chten Sie darauf hinweisen, dass die Angaben ausschlie&#xDF;lich auf den uns vom Eigent&#xFC;mer &#xFC;bermittelten Unterlagen und Informationen basieren. F&#xFC;r Richtigkeit und Vollst&#xE4;ndigkeit &#xFC;bernehmen wir keine Gew&#xE4;hr. Zwischenvermietung vorbehalten.<\/sonstige_angaben>\n<\/freitexte>\n<anhaenge>\n<anhang location=\"EXTERN\" gruppe=\"TITELBILD\">\n<anhangtitel>R&#xFC;ckansicht<\/anhangtitel>\n<format>jpg<\/format>\n<daten>\n<pfad>17a28b8f394c42d7b19d021693132e00.jpg<\/pfad>\n<\/daten>\n<\/anhang>\n<anhang location=\"EXTERN\" gruppe=\"BILD\">\n<anhangtitel>Seitenansicht<\/anhangtitel>\n<format>jpg<\/format>\n<daten>\n<pfad>4c8a08519bcf47c09730fe4f92109335.jpg<\/pfad>\n<\/daten>\n<\/anhang>\n<anhang location=\"EXTERN\" gruppe=\"BILD\">\n<anhangtitel>Eingangsbereich<\/anhangtitel>\n<format>jpg<\/format>\n<daten>\n<pfad>986bb36058ea4b0a91fb6bd9cde046cc.jpg<\/pfad>\n<\/daten>\n<\/anhang>\n<anhang location=\"EXTERN\" gruppe=\"BILD\">\n<anhangtitel>Ansicht B&#xFC;ro<\/anhangtitel>\n<format>jpg<\/format>\n<daten>\n<pfad>93ffad8954ac41c68028b0a072a81fbb.jpg<\/pfad>\n<\/daten>\n<\/anhang>\n<anhang location=\"EXTERN\" gruppe=\"BILD\">\n<anhangtitel>B&#xFC;ro<\/anhangtitel>\n<format>jpg<\/format>\n<daten>\n<pfad>5545cd135aa841ec876d8172cdcb7144.jpg<\/pfad>\n<\/daten>\n<\/anhang>\n<anhang location=\"EXTERN\" gruppe=\"BILD\">\n<anhangtitel>Schulungsraum<\/anhangtitel>\n<format>jpg<\/format>\n<daten>\n<pfad>1aeed30b97794d3d8c215d2b72c2a268.jpg<\/pfad>\n<\/daten>\n<\/anhang>\n<anhang location=\"EXTERN\" gruppe=\"BILD\">\n<anhangtitel>Ansicht Schulungsraum<\/anhangtitel>\n<format>jpg<\/format>\n<daten>\n<pfad>ddcb43941b53459fb7042dfa252ecce8.jpg<\/pfad>\n<\/daten>\n<\/anhang>\n<anhang location=\"EXTERN\" gruppe=\"BILD\">\n<anhangtitel>Frontansicht<\/anhangtitel>\n<format>jpg<\/format>\n<daten>\n<pfad>ab7810c6ace24b8c980c9814aa61d2ca.jpg<\/pfad>\n<\/daten>\n<\/anhang>\n<anhang location=\"EXTERN\" gruppe=\"GRUNDRISS\">\n<anhangtitel>Souterrain<\/anhangtitel>\n<format>PNG<\/format>\n<daten>\n<pfad>9d6afe2d08c5437eb2e02e1d6734aa79.PNG<\/pfad>\n<\/daten>\n<\/anhang>\n<anhang location=\"EXTERN\" gruppe=\"GRUNDRISS\">\n<anhangtitel>EG<\/anhangtitel>\n<format>png<\/format>\n<daten>\n<pfad>e9bcfc6ac86540f0972702049b8aa6cc.png<\/pfad>\n<\/daten>\n<\/anhang>\n<anhang location=\"EXTERN\" gruppe=\"GRUNDRISS\">\n<anhangtitel>1. OG<\/anhangtitel>\n<format>png<\/format>\n<daten>\n<pfad>d147292a3e354d3aa8d777d0fa1d6844.png<\/pfad>\n<\/daten>\n<\/anhang>\n<anhang location=\"EXTERN\" gruppe=\"BILD\">\n<anhangtitel>2. OG<\/anhangtitel>\n<format>PNG<\/format>\n<daten>\n<pfad>9bc68d15c6224034aad1a91b9125ebd8.PNG<\/pfad>\n<\/daten>\n<\/anhang>\n<\/anhaenge>\n<verwaltung_objekt>\n<objektadresse_freigeben>false<\/objektadresse_freigeben>\n<verfuegbar_ab>nach Vereinbarung<\/verfuegbar_ab>\n<geschlecht\/>\n<gewerbliche_nutzung>true<\/gewerbliche_nutzung>\n<\/verwaltung_objekt>\n<verwaltung_techn>\n<objektnr_intern>B62C9A032FE344EABC630952A8BCBC56<\/objektnr_intern>\n<objektnr_extern>4980\/E1<\/objektnr_extern>\n<aktion aktionart=\"CHANGE\"\/>\n<openimmo_obid>B62C9A032FE344EABC630952A8BCBC56<\/openimmo_obid><kennung_ursprung>estatePro V10.0.0.8<\/kennung_ursprung>\n<stand_vom>2026-04-28<\/stand_vom>\n<\/verwaltung_techn>\n<user_defined_simplefield feldname=\"Startseite\">Nein<\/user_defined_simplefield>\n<\/immobilie>\n"],"_immonex_energy_class":[""],"_immonex_energy_class_id":["0"],"_thumbnail_id":["188235"],"fave_property_images":["188235","188236","188237","188238","188239","188240","188241","188242","188246"],"fave_floor_plans_enable":["enable"],"floor_plans":["a:3:{i:0;a:7:{s:15:\"fave_plan_title\";s:10:\"Souterrain\";s:15:\"fave_plan_rooms\";s:0:\"\";s:19:\"fave_plan_bathrooms\";s:0:\"\";s:15:\"fave_plan_price\";s:0:\"\";s:14:\"fave_plan_size\";s:0:\"\";s:15:\"fave_plan_image\";s:84:\"https:\/\/ruhr-real.de\/wp-content\/uploads\/2026\/04\/9d6afe2d08c5437eb2e02e1d6734aa79.png\";s:21:\"fave_plan_description\";s:0:\"\";}i:1;a:7:{s:15:\"fave_plan_title\";s:2:\"EG\";s:15:\"fave_plan_rooms\";s:0:\"\";s:19:\"fave_plan_bathrooms\";s:0:\"\";s:15:\"fave_plan_price\";s:0:\"\";s:14:\"fave_plan_size\";s:0:\"\";s:15:\"fave_plan_image\";s:84:\"https:\/\/ruhr-real.de\/wp-content\/uploads\/2026\/04\/e9bcfc6ac86540f0972702049b8aa6cc.png\";s:21:\"fave_plan_description\";s:0:\"\";}i:2;a:7:{s:15:\"fave_plan_title\";s:5:\"1. OG\";s:15:\"fave_plan_rooms\";s:0:\"\";s:19:\"fave_plan_bathrooms\";s:0:\"\";s:15:\"fave_plan_price\";s:0:\"\";s:14:\"fave_plan_size\";s:0:\"\";s:15:\"fave_plan_image\";s:84:\"https:\/\/ruhr-real.de\/wp-content\/uploads\/2026\/04\/d147292a3e354d3aa8d777d0fa1d6844.png\";s:21:\"fave_plan_description\";s:0:\"\";}}"],"fave_prop_homeslider":["yes"],"fave_prop_slider_image":["188235"],"fave_agents":["113552"],"fave_agent_display_option":["agent_info"],"fave_single_top_area":["global"],"fave_single_content_area":["global"],"fave_property_map":["1"],"fave_property_map_street_view":["hide"],"fave_property_size_prefix":["m\u00b2"],"fave_property_land_postfix":["m\u00b2"],"fave_featured":["0"],"houzez_featured_listing_date":[""],"fave_property_price_postfix":["pro&nbsp;m\u00b2"],"fave_currency":["EUR"],"fave_currency_info":["a:8:{s:2:\"id\";s:1:\"1\";s:13:\"currency_name\";s:4:\"Euro\";s:13:\"currency_code\";s:3:\"EUR\";s:15:\"currency_symbol\";s:3:\"\u20ac\";s:17:\"currency_position\";s:5:\"after\";s:16:\"currency_decimal\";s:1:\"2\";s:26:\"currency_decimal_separator\";s:1:\",\";s:27:\"currency_thousand_separator\";s:1:\".\";}"],"_wpml_word_count":["529"],"houzez_total_property_views":["8"],"houzez_views_by_date":["a:2:{s:10:\"04-28-2026\";i:4;s:10:\"04-29-2026\";i:4;}"],"houzez_recently_viewed":["2026-04-29 12:13:39"],"_elementor_page_assets":["a:0:{}"]},"_links":{"self":[{"href":"https:\/\/ruhr-real.de\/en\/wp-json\/wp\/v2\/properties\/188234","targetHints":{"allow":["GET"]}}],"collection":[{"href":"https:\/\/ruhr-real.de\/en\/wp-json\/wp\/v2\/properties"}],"about":[{"href":"https:\/\/ruhr-real.de\/en\/wp-json\/wp\/v2\/types\/property"}],"author":[{"embeddable":true,"href":"https:\/\/ruhr-real.de\/en\/wp-json\/wp\/v2\/users\/1"}],"version-history":[{"count":0,"href":"https:\/\/ruhr-real.de\/en\/wp-json\/wp\/v2\/properties\/188234\/revisions"}],"wp:featuredmedia":[{"embeddable":true,"href":"https:\/\/ruhr-real.de\/en\/wp-json\/wp\/v2\/media\/188235"}],"wp:attachment":[{"href":"https:\/\/ruhr-real.de\/en\/wp-json\/wp\/v2\/media?parent=188234"}],"wp:term":[{"taxonomy":"property_type","embeddable":true,"href":"https:\/\/ruhr-real.de\/en\/wp-json\/wp\/v2\/property_type?post=188234"},{"taxonomy":"property_status","embeddable":true,"href":"https:\/\/ruhr-real.de\/en\/wp-json\/wp\/v2\/property_status?post=188234"},{"taxonomy":"property_feature","embeddable":true,"href":"https:\/\/ruhr-real.de\/en\/wp-json\/wp\/v2\/property_feature?post=188234"},{"taxonomy":"property_label","embeddable":true,"href":"https:\/\/ruhr-real.de\/en\/wp-json\/wp\/v2\/property_label?post=188234"},{"taxonomy":"property_country","embeddable":true,"href":"https:\/\/ruhr-real.de\/en\/wp-json\/wp\/v2\/property_country?post=188234"},{"taxonomy":"property_state","embeddable":true,"href":"https:\/\/ruhr-real.de\/en\/wp-json\/wp\/v2\/property_state?post=188234"},{"taxonomy":"property_city","embeddable":true,"href":"https:\/\/ruhr-real.de\/en\/wp-json\/wp\/v2\/property_city?post=188234"},{"taxonomy":"property_area","embeddable":true,"href":"https:\/\/ruhr-real.de\/en\/wp-json\/wp\/v2\/property_area?post=188234"}],"curies":[{"name":"wp","href":"https:\/\/api.w.org\/{rel}","templated":true}]}}