{"id":188336,"date":"2026-04-28T00:01:07","date_gmt":"2026-04-27T22:01:07","guid":{"rendered":"https:\/\/ruhr-real.de\/objekt\/ihr-neues-buero-in-verkehrsguenstiger-lage-von-essen-gehobene-ausstattung\/"},"modified":"2026-04-28T00:01:07","modified_gmt":"2026-04-27T22:01:07","slug":"ihr-neues-buero-in-verkehrsguenstiger-lage-von-essen-gehobene-ausstattung","status":"publish","type":"property","link":"https:\/\/ruhr-real.de\/en\/objekt\/ihr-neues-buero-in-verkehrsguenstiger-lage-von-essen-gehobene-ausstattung\/","title":{"rendered":"Ihr neues B\u00fcro in verkehrsg\u00fcnstiger Lage von Essen! Gehobene Ausstattung"},"content":{"rendered":"<p>Bei dem angebotenen Objekt handelt es sich um eine attraktive B\u00fcroimmobilie mit moderner Glasoptik. Neben einem separaten Zugang zum Innenhof sind die vakanten Fl\u00e4chen mit zwei Personenaufz\u00fcgen, Teilklimatisierung und au\u00dfenliegendem Sonnenschutz ausgestattet.<\/p>\n<p>Derzeit stehen folgende Fl\u00e4chen zur Disposition:<\/p>\n<p>EG: 284,04 m\u00b2<br \/>\n1. OG: 549,09 m\u00b2<br \/>\n2. OG: 816,13 m\u00b2<br \/>\n3. OG: 815,49 m\u00b2<br \/>\n4. OG: 594,31 m\u00b2<br \/>\n5. OG: 594,99 m\u00b2<br \/>\n6. OG: 594,65 m\u00b2<\/p>\n<p>Lager\/Archiv: 624,54 m\u00b2<\/p>\n<p>Der Standort liegt im Herzen der Metropolregion Ruhr und dem Zentrum der Stadt Essen. Die A40 ist innerhalb von 2 Fahrminuten zu erreichen. Ein weiterer Standortvorteil begr\u00fcndet sich mit der unmittelbaren N\u00e4he zur Essener Innenstadt und dem Hauptbahnhof.<\/p>\n<p>Bedeutende Unternehmen in der B\u00fcromarktzone: EVONIK, STEAG, 11880, PricewaterhouseCoopers GmbH Wirtschaftspr\u00fcfungsgesellschaft, Ferrostaal, Brenntag AG, Bitmarck<\/p>\n<p>Hotels in der Umgebung: Sheraton Hotel, Intercity Hotel, Mercure Hotel, ibis Hotel, Select Hotel Handelshof<\/p>\n<p>\u2022 Bodenbelag: Teppichboden<br \/>\n\u2022 Verkabelung: CAT\/ vom Vormieter<br \/>\n\u2022 K\u00fchlung: Teilklimatisierung<\/p>\n<p>Die Ausstattung kann bei Bedarf angepasst werden!<\/p>\n<p>Es gelten ausschlie\u00dflich unsere AGB (www.ruhr-real.de\/agb). Wir m\u00f6chten Sie darauf hinweisen, dass die Angaben ausschlie\u00dflich auf den uns vom Eigent\u00fcmer \u00fcbermittelten Unterlagen und Informationen basieren. F\u00fcr Richtigkeit und Vollst\u00e4ndigkeit \u00fcbernehmen wir keine Gew\u00e4hr. Zwischenvermietung vorbehalten.<br \/>\n<div class=\"widget widget_immonex_user_defined_properties_widget\"><div class=\"immonex-widget immonex-widget-houzez\">\n\t\t<div class=\"immonex-widget-title clearfix\">\n\t\t<h2 class=\"widgettitle\">Energieeffizienz<\/h2>\t<\/div>\n\t\t<ul class=\"immonex-property-details row list-lined list-unstyled\">\n\t\t\t\t<li>\n\t\t\t<div class=\"list-lined-item w-100 d-flex justify-content-between py-2\">\n\t\t\t\t\t\t\t\t<strong class=\"property-details-label\">Energieausweis-Art:<\/strong>&nbsp;<span class=\"property-details-value\">Consumption<\/span>\n\t\t\t\t\t\t\t<\/div>\n\t\t<\/li>\n\t\t\t\t<li>\n\t\t\t<div class=\"list-lined-item w-100 d-flex justify-content-between py-2\">\n\t\t\t\t\t\t\t\t<strong class=\"property-details-label\">Stromverbrauchskennwert:<\/strong>&nbsp;<span class=\"property-details-value\">91&nbsp;kWh\/(m\u00b2*a)<\/span>\n\t\t\t\t\t\t\t<\/div>\n\t\t<\/li>\n\t\t\t\t<li>\n\t\t\t<div class=\"list-lined-item w-100 d-flex justify-content-between py-2\">\n\t\t\t\t\t\t\t\t<strong class=\"property-details-label\">Heizenergieverbrauchskennwert:<\/strong>&nbsp;<span class=\"property-details-value\">100&nbsp;kWh\/(m\u00b2*a)<\/span>\n\t\t\t\t\t\t\t<\/div>\n\t\t<\/li>\n\t\t\t\t<li>\n\t\t\t<div class=\"list-lined-item w-100 d-flex justify-content-between py-2\">\n\t\t\t\t\t\t\t\t<strong class=\"property-details-label\">Energieausweis-Jahrgang:<\/strong>&nbsp;<span class=\"property-details-value\">before 2014<\/span>\n\t\t\t\t\t\t\t<\/div>\n\t\t<\/li>\n\t\t\t<\/ul>\n<\/div><\/div><\/p>\n","protected":false},"excerpt":{"rendered":"<p>Bei dem angebotenen Objekt handelt es sich um eine attraktive B\u00fcroimmobilie mit moderner Glasoptik. Neben einem&#8230;<\/p>\n","protected":false},"author":1,"featured_media":188337,"parent":0,"menu_order":0,"template":"","property_type":[379],"property_status":[352],"property_feature":[537,361,354,350],"property_label":[],"property_country":[353],"property_state":[],"property_city":[306],"property_area":[],"class_list":["post-188336","property","type-property","status-publish","has-post-thumbnail","hentry","property_type-bueroflaechen","property_status-zu-vermieten","property_feature-gewerbliche-nutzung-moeglich","property_feature-klimaanlage","property_feature-personenaufzug","property_feature-raeume-veraenderbar","property_country-deutschland","property_city-essen"],"acf":[],"property_meta":{"rank_math_internal_links_processed":["1"],"copied_media_ids":["a:0:{}"],"referenced_media_ids":["a:0:{}"],"_immonex_post_status":["new"],"_immonex_import_folder":["users\/RUHRREAL"],"fave_property_map_address":["45128 Essen"],"fave_property_zip":["45128"],"fave_property_country":["DE"],"_immonex_lat":["51.4661041"],"_immonex_lng":["7.008847"],"houzez_geolocation_lat":["51.4661041"],"houzez_geolocation_long":["7.008847"],"fave_property_location":["51.4661041,7.008847"],"fave_property_price":["13.00"],"fave_property_sec_price":["13.0000"],"fave_property_size":["816"],"fave_property_year":["1995"],"fave_property_id":["4707\/E3"],"_fave_property_id":["4707\/E3"],"_immonex_translation_id":["4707\/E3"],"_immonex_iso_country":["DEU"],"_openimmo_obid":["72E388DBDB294EA8A00FA36CF36248C9"],"_openimmo_anid":["0000"],"_immonex_group_number":[""],"_immonex_group_id":[""],"_immonex_group_master":[""],"_immonex_import_meta":["a:6:{s:8:\"zip_file\";s:131:\"\/www\/htdocs\/w0172e0e\/ruhr-real_2024\/wp-content\/uploads\/immonex-openimmo-import\/users\/RUHRREAL\/Immowelt_estatePro_20260428144722.zip\";s:8:\"xml_file\";s:158:\"\/www\/htdocs\/w0172e0e\/ruhr-real_2024\/wp-content\/uploads\/immonex-openimmo-import\/immowelt_estatepro_20260428144722\/Homepage_2024_NEW_estatePro20260428144722.xml\";s:12:\"mapping_file\";s:116:\"\/www\/htdocs\/w0172e0e\/ruhr-real_2024\/wp-content\/uploads\/immonex-openimmo-import\/mappings\/houzez_ruhrreal_20260325.csv\";s:9:\"timestamp\";i:1777380607;s:4:\"date\";s:10:\"2026-04-28\";s:4:\"time\";s:8:\"14:50:07\";}"],"_is_immonex_import_property":["1"],"_immonex_is_reference":[""],"_immonex_is_sold":[""],"_immonex_is_reserved":[""],"_immonex_is_available":["1"],"_immonex_areabutler_url_with_address":[""],"_immonex_areabutler_url_no_address":[""],"_immonex_areabutler_url":[""],"additional_features":["a:14:{i:0;a:2:{s:29:\"fave_additional_feature_title\";s:14:\"Nettokaltmiete\";s:29:\"fave_additional_feature_value\";s:11:\"13&nbsp;\u20ac\";}i:1;a:2:{s:29:\"fave_additional_feature_title\";s:9:\"Kaltmiete\";s:29:\"fave_additional_feature_value\";s:11:\"13&nbsp;\u20ac\";}i:2;a:2:{s:29:\"fave_additional_feature_title\";s:33:\"Heizkosten in Warmmiete enthalten\";s:29:\"fave_additional_feature_value\";s:4:\"nein\";}i:3;a:2:{s:29:\"fave_additional_feature_title\";s:32:\"Preise zuz\u00fcglich Mehrwertsteuer\";s:29:\"fave_additional_feature_value\";s:4:\"nein\";}i:4;a:2:{s:29:\"fave_additional_feature_title\";s:23:\"Netto-Kaltmiete pro m\u00b2\";s:29:\"fave_additional_feature_value\";s:11:\"13&nbsp;\u20ac\";}i:5;a:2:{s:29:\"fave_additional_feature_title\";s:10:\"MwSt.-Satz\";s:29:\"fave_additional_feature_value\";s:9:\"19&nbsp;%\";}i:6;a:2:{s:29:\"fave_additional_feature_title\";s:12:\"B\u00fcrofl\u00e4che\";s:29:\"fave_additional_feature_value\";s:12:\"816&nbsp;m\u00b2\";}i:7;a:2:{s:29:\"fave_additional_feature_title\";s:16:\"B\u00fcroteilfl\u00e4che\";s:29:\"fave_additional_feature_value\";s:12:\"816&nbsp;m\u00b2\";}i:8;a:2:{s:29:\"fave_additional_feature_title\";s:10:\"Teilbar ab\";s:29:\"fave_additional_feature_value\";s:12:\"816&nbsp;m\u00b2\";}i:9;a:2:{s:29:\"fave_additional_feature_title\";s:19:\"Art der Ausstattung\";s:29:\"fave_additional_feature_value\";s:7:\"gehoben\";}i:10;a:2:{s:29:\"fave_additional_feature_title\";s:10:\"Bodenbelag\";s:29:\"fave_additional_feature_value\";s:7:\"Teppich\";}i:11;a:2:{s:29:\"fave_additional_feature_title\";s:13:\"Stellplatzart\";s:29:\"fave_additional_feature_value\";s:10:\"Tiefgarage\";}i:12;a:2:{s:29:\"fave_additional_feature_title\";s:7:\"Zustand\";s:29:\"fave_additional_feature_value\";s:8:\"gepflegt\";}i:13;a:2:{s:29:\"fave_additional_feature_title\";s:27:\"Immobilie ist verf\u00fcgbar ab\";s:29:\"fave_additional_feature_value\";s:6:\"sofort\";}}"],"fave_additional_features_enable":["enable"],"_immonex_custom_fields":["a:4:{s:18:\"Energieausweis-Art\";a:5:{s:14:\"mapping_source\";s:35:\"zustand_angaben->energiepass->epart\";s:4:\"name\";s:0:\"\";s:5:\"group\";s:5:\"epass\";s:5:\"value\";s:11:\"Consumption\";s:19:\"value_before_filter\";s:9:\"VERBRAUCH\";}s:23:\"Stromverbrauchskennwert\";a:5:{s:14:\"mapping_source\";s:39:\"zustand_angaben->energiepass->stromwert\";s:4:\"name\";s:0:\"\";s:5:\"group\";s:5:\"epass\";s:5:\"value\";s:19:\"91&nbsp;kWh\/(m\u00b2*a)\";s:19:\"value_before_filter\";s:2:\"91\";}s:29:\"Heizenergieverbrauchskennwert\";a:5:{s:14:\"mapping_source\";s:40:\"zustand_angaben->energiepass->waermewert\";s:4:\"name\";s:0:\"\";s:5:\"group\";s:5:\"epass\";s:5:\"value\";s:20:\"100&nbsp;kWh\/(m\u00b2*a)\";s:19:\"value_before_filter\";s:3:\"100\";}s:23:\"Energieausweis-Jahrgang\";a:5:{s:14:\"mapping_source\";s:38:\"zustand_angaben->energiepass->jahrgang\";s:4:\"name\";s:0:\"\";s:5:\"group\";s:5:\"epass\";s:5:\"value\";s:11:\"before 2014\";s:19:\"value_before_filter\";s:4:\"2008\";}}"],"_immonex_property_xml_source":["<?xml version=\"1.0\"?>\n<immobilie>\n<objektkategorie>\n<nutzungsart WOHNEN=\"false\" GEWERBE=\"true\"\/>\n<vermarktungsart KAUF=\"false\" MIETE_PACHT=\"true\"\/>\n<objektart>\n<buero_praxen buero_typ=\"BUEROHAUS\"\/>\n<\/objektart>\n<user_defined_simplefield\/>\n<\/objektkategorie>\n<geo>\n<plz>45128<\/plz>\n<ort>Essen<\/ort>\n<strasse>Rellinghauser Stra&#xDF;e<\/strasse>\n<hausnummer>31<\/hausnummer>\n<land iso_land=\"DEU\"\/>\n<lage_im_bau\/>\n<\/geo>\n<kontaktperson>\n<email_zentrale>anfrage@ruhr-real.de<\/email_zentrale>\n<email_direkt>bruckmann@ruhr-real.de<\/email_direkt>\n<tel_durchw>+49 201 99996337<\/tel_durchw>\n<tel_fax>+49 201 99996344<\/tel_fax>\n<tel_handy>+49 172 7088870<\/tel_handy>\n<name>Bruckmann<\/name>\n<vorname>Jonas<\/vorname>\n<anrede>Herr<\/anrede>\n<firma>RUHR REAL GmbH<\/firma>\n<strasse>Holsterhauser Platz<\/strasse>\n<hausnummer>2<\/hausnummer>\n<plz>45147<\/plz>\n<ort>Essen<\/ort>\n<adressfreigabe>true<\/adressfreigabe>\n<\/kontaktperson>\n<preise>\n<nettokaltmiete>13.00<\/nettokaltmiete>\n<kaltmiete>13.00<\/kaltmiete>\n<heizkosten_enthalten>false<\/heizkosten_enthalten>\n<zzg_mehrwertsteuer>false<\/zzg_mehrwertsteuer>\n<preis_zeiteinheit\/>\n<mietpreis_pro_qm>13.0000<\/mietpreis_pro_qm>\n<provisionspflichtig>false<\/provisionspflichtig>\n<waehrung iso_waehrung=\"EUR\"\/>\n<mwst_satz>19.00<\/mwst_satz>\n<stp_carport\/>\n<stp_duplex\/>\n<stp_freiplatz\/>\n<stp_garage\/>\n<stp_parkhaus\/>\n<stp_tiefgarage\/>\n<\/preise>\n<bieterverfahren\/>\n<versteigerung\/>\n<flaechen>\n<bueroflaeche>816<\/bueroflaeche>\n<bueroteilflaeche>816<\/bueroteilflaeche>\n<teilbar_ab>816<\/teilbar_ab>\n<\/flaechen>\n<ausstattung>\n<ausstatt_kategorie>GEHOBEN<\/ausstatt_kategorie>\n<raeume_veraenderbar>true<\/raeume_veraenderbar>\n<bad\/>\n<kueche\/>\n<boden TEPPICH=\"true\"\/>\n<heizungsart\/>\n<befeuerung\/>\n<klimatisiert>true<\/klimatisiert>\n<fahrstuhl PERSONEN=\"true\"\/>\n<stellplatzart TIEFGARAGE=\"true\"\/>\n<ausricht_balkon_terrasse\/>\n<angeschl_gastronomie\/>\n<sicherheitstechnik\/>\n<\/ausstattung>\n<zustand_angaben>\n<baujahr>1995<\/baujahr>\n<zustand zustand_art=\"GEPFLEGT\"\/>\n<energiepass>\n<epart>VERBRAUCH<\/epart>\n<stromwert>91<\/stromwert>\n<waermewert>100<\/waermewert>\n<jahrgang>2008<\/jahrgang>\n<\/energiepass>\n<\/zustand_angaben>\n<bewertung\/>\n<infrastruktur\/>\n<freitexte>\n<objekttitel>Ihr neues B&#xFC;ro in verkehrsg&#xFC;nstiger Lage von Essen! Gehobene Ausstattung<\/objekttitel>\n<lage>Der Standort liegt im Herzen der Metropolregion Ruhr und dem Zentrum der Stadt Essen. Die A40 ist innerhalb von 2 Fahrminuten zu erreichen. Ein weiterer Standortvorteil begr&#xFC;ndet sich mit der unmittelbaren N&#xE4;he zur Essener Innenstadt und dem Hauptbahnhof. \n\nBedeutende Unternehmen in der B&#xFC;romarktzone: EVONIK, STEAG, 11880, PricewaterhouseCoopers GmbH Wirtschaftspr&#xFC;fungsgesellschaft, Ferrostaal, Brenntag AG, Bitmarck\n\nHotels in der Umgebung: Sheraton Hotel, Intercity Hotel, Mercure Hotel, ibis Hotel, Select Hotel Handelshof<\/lage>\n<ausstatt_beschr>&#x2022; Bodenbelag: Teppichboden\n&#x2022; Verkabelung: CAT\/ vom Vormieter\n&#x2022; K&#xFC;hlung: Teilklimatisierung\n\nDie Ausstattung kann bei Bedarf angepasst werden!\n<\/ausstatt_beschr>\n<objektbeschreibung>Bei dem angebotenen Objekt handelt es sich um eine attraktive B&#xFC;roimmobilie mit moderner Glasoptik. Neben einem separaten Zugang zum Innenhof sind die vakanten Fl&#xE4;chen mit zwei Personenaufz&#xFC;gen, Teilklimatisierung und au&#xDF;enliegendem Sonnenschutz ausgestattet.\n\nDerzeit stehen folgende Fl&#xE4;chen zur Disposition:\n\nEG: 284,04 m&#xB2;\n1. OG: 549,09 m&#xB2;\n2. OG: 816,13 m&#xB2;\n3. OG: 815,49 m&#xB2;\n4. OG: 594,31 m&#xB2;\n5. OG: 594,99 m&#xB2;\n6. OG: 594,65 m&#xB2;\n\nLager\/Archiv: 624,54 m&#xB2;<\/objektbeschreibung>\n<sonstige_angaben>Es gelten ausschlie&#xDF;lich unsere AGB (www.ruhr-real.de\/agb). Wir m&#xF6;chten Sie darauf hinweisen, dass die Angaben ausschlie&#xDF;lich auf den uns vom Eigent&#xFC;mer &#xFC;bermittelten Unterlagen und Informationen basieren. F&#xFC;r Richtigkeit und Vollst&#xE4;ndigkeit &#xFC;bernehmen wir keine Gew&#xE4;hr. Zwischenvermietung vorbehalten.<\/sonstige_angaben><\/freitexte>\n<anhaenge>\n<anhang location=\"EXTERN\" gruppe=\"TITELBILD\">\n<anhangtitel>Objektbild<\/anhangtitel>\n<format>jpg<\/format>\n<daten>\n<pfad>7d2150c564af4731a99414aee0ebb16f.jpg<\/pfad>\n<\/daten>\n<\/anhang>\n<anhang location=\"EXTERN\" gruppe=\"BILD\">\n<anhangtitel>Drohnenaufnahme<\/anhangtitel>\n<format>jpg<\/format>\n<daten>\n<pfad>5ee69aad2b6e48eba81eb150e3f959da.jpg<\/pfad>\n<\/daten>\n<\/anhang>\n<\/anhaenge>\n<verwaltung_objekt>\n<objektadresse_freigeben>false<\/objektadresse_freigeben>\n<verfuegbar_ab>sofort<\/verfuegbar_ab>\n<geschlecht\/>\n<gewerbliche_nutzung>true<\/gewerbliche_nutzung>\n<\/verwaltung_objekt>\n<verwaltung_techn>\n<objektnr_intern>72E388DBDB294EA8A00FA36CF36248C9<\/objektnr_intern>\n<objektnr_extern>4707\/E3<\/objektnr_extern>\n<aktion aktionart=\"CHANGE\"\/>\n<openimmo_obid>72E388DBDB294EA8A00FA36CF36248C9<\/openimmo_obid>\n<kennung_ursprung>estatePro V10.0.0.8<\/kennung_ursprung>\n<stand_vom>2026-04-28<\/stand_vom>\n<\/verwaltung_techn>\n<user_defined_simplefield feldname=\"Startseite\">Nein<\/user_defined_simplefield>\n<\/immobilie>\n"],"_immonex_energy_class":[""],"_immonex_energy_class_id":["0"],"_thumbnail_id":["188337"],"fave_property_images":["188337","188338"],"fave_floor_plans_enable":["disable"],"fave_prop_homeslider":["yes"],"fave_prop_slider_image":["188337"],"fave_agents":["111496"],"fave_agent_display_option":["agent_info"],"fave_single_top_area":["global"],"fave_single_content_area":["global"],"fave_property_map":["1"],"fave_property_map_street_view":["hide"],"fave_property_size_prefix":["m\u00b2"],"fave_property_land_postfix":["m\u00b2"],"fave_featured":["0"],"houzez_featured_listing_date":[""],"fave_property_price_postfix":["pro&nbsp;m\u00b2"],"fave_currency":["EUR"],"fave_currency_info":["a:8:{s:2:\"id\";s:1:\"1\";s:13:\"currency_name\";s:4:\"Euro\";s:13:\"currency_code\";s:3:\"EUR\";s:15:\"currency_symbol\";s:3:\"\u20ac\";s:17:\"currency_position\";s:5:\"after\";s:16:\"currency_decimal\";s:1:\"2\";s:26:\"currency_decimal_separator\";s:1:\",\";s:27:\"currency_thousand_separator\";s:1:\".\";}"],"_wpml_word_count":["275"],"houzez_total_property_views":["8"],"houzez_views_by_date":["a:2:{s:10:\"04-28-2026\";i:4;s:10:\"04-29-2026\";i:4;}"],"houzez_recently_viewed":["2026-04-29 05:31:05"],"_elementor_page_assets":["a:0:{}"]},"_links":{"self":[{"href":"https:\/\/ruhr-real.de\/en\/wp-json\/wp\/v2\/properties\/188336","targetHints":{"allow":["GET"]}}],"collection":[{"href":"https:\/\/ruhr-real.de\/en\/wp-json\/wp\/v2\/properties"}],"about":[{"href":"https:\/\/ruhr-real.de\/en\/wp-json\/wp\/v2\/types\/property"}],"author":[{"embeddable":true,"href":"https:\/\/ruhr-real.de\/en\/wp-json\/wp\/v2\/users\/1"}],"version-history":[{"count":0,"href":"https:\/\/ruhr-real.de\/en\/wp-json\/wp\/v2\/properties\/188336\/revisions"}],"wp:featuredmedia":[{"embeddable":true,"href":"https:\/\/ruhr-real.de\/en\/wp-json\/wp\/v2\/media\/188337"}],"wp:attachment":[{"href":"https:\/\/ruhr-real.de\/en\/wp-json\/wp\/v2\/media?parent=188336"}],"wp:term":[{"taxonomy":"property_type","embeddable":true,"href":"https:\/\/ruhr-real.de\/en\/wp-json\/wp\/v2\/property_type?post=188336"},{"taxonomy":"property_status","embeddable":true,"href":"https:\/\/ruhr-real.de\/en\/wp-json\/wp\/v2\/property_status?post=188336"},{"taxonomy":"property_feature","embeddable":true,"href":"https:\/\/ruhr-real.de\/en\/wp-json\/wp\/v2\/property_feature?post=188336"},{"taxonomy":"property_label","embeddable":true,"href":"https:\/\/ruhr-real.de\/en\/wp-json\/wp\/v2\/property_label?post=188336"},{"taxonomy":"property_country","embeddable":true,"href":"https:\/\/ruhr-real.de\/en\/wp-json\/wp\/v2\/property_country?post=188336"},{"taxonomy":"property_state","embeddable":true,"href":"https:\/\/ruhr-real.de\/en\/wp-json\/wp\/v2\/property_state?post=188336"},{"taxonomy":"property_city","embeddable":true,"href":"https:\/\/ruhr-real.de\/en\/wp-json\/wp\/v2\/property_city?post=188336"},{"taxonomy":"property_area","embeddable":true,"href":"https:\/\/ruhr-real.de\/en\/wp-json\/wp\/v2\/property_area?post=188336"}],"curies":[{"name":"wp","href":"https:\/\/api.w.org\/{rel}","templated":true}]}}