{"id":188512,"date":"2026-04-30T00:02:23","date_gmt":"2026-04-29T22:02:23","guid":{"rendered":"https:\/\/ruhr-real.de\/objekt\/moderne-und-hochwertig-ausgestattete-bueroflaeche-l-608-m%c2%b2-hbf-fusslaeufig-erreichbar-gute-lage\/"},"modified":"2026-04-30T15:38:23","modified_gmt":"2026-04-30T13:38:23","slug":"moderne-und-hochwertig-ausgestattete-bueroflaeche-l-608-m%c2%b2-hbf-fusslaeufig-erreichbar-gute-lage","status":"publish","type":"property","link":"https:\/\/ruhr-real.de\/en\/objekt\/moderne-und-hochwertig-ausgestattete-bueroflaeche-l-608-m%c2%b2-hbf-fusslaeufig-erreichbar-gute-lage\/","title":{"rendered":"Moderne und hochwertig ausgestattete B\u00fcrofl\u00e4che l 608 m\u00b2 | HBF fu\u00dfl\u00e4ufig erreichbar | gute Lage"},"content":{"rendered":"<p>Bei dem Landmark-Geb\u00e4ude handelt es sich um ein gepflegtes B\u00fcrohaus, direkt geben\u00fcber der Philharmonie und dem Sheraton Hotel. Das Geb\u00e4ude wurde zuletzt in den Jahren 2011 bis 2013 modernisiert und verf\u00fcgt \u00fcber eine hauseigene Cafeteria. Alle Fl\u00e4chen werden \u00fcber einen Personenaufzug erschlossen. Es stehen ausreichend PKW-Stellpl\u00e4tze f\u00fcr 60-80 EUR\/St\u00fcck zur Anmietung bereit.<\/p>\n<p>Folgende Fl\u00e4che steht zur Disposition:<\/p>\n<p>BT A:<br \/>\n2. OG: ca 1.530,38 m\u00b2<br \/>\n6. OG: ca. 704,62 m\u00b2<\/p>\n<p>BT C:<br \/>\nEG: ca. 591,19 m\u00b2<br \/>\n1. OG: ca. 502,47 m\u00b2<br \/>\n2. OG: ca. 607,72 m\u00b2<br \/>\n3. OG: ca. 607,61 m\u00b2<\/p>\n<p>Lagerfl\u00e4chen sind im UG vorhanden.<\/p>\n<p>Die Fl\u00e4chen BT A 2. OG und BT C 3. OG sind zusammenh\u00e4ngend anmietbar.<\/p>\n<p>Das Geb\u00e4ude liegt im S\u00fcdviertel von Essen. Aufgrund der direkten Anbindung an die Autobahn A40, sowie der direkten N\u00e4he (fu\u00dfl\u00e4ufig zu erreichen) zum Essener Hauptbahnhof, ist dieses Objekt besonders verkehrsg\u00fcnstig gelegen.<br \/>\nDen Flughafen D\u00fcsseldorf erreichen Sie in ca. 20 Minuten.<\/p>\n<p>Hotels in der N\u00e4he: Sheraton Hotel, Intercity Hotel, Mercure Hotel, ibis Hotel, Select Hotel Handelshof<\/p>\n<p>Bedeutende Unternehmen in der B\u00fcromarktzone: Santander Consumer Bank AG, Hapag-Lloyd Reiseb\u00fcro, Philharmonie, PWC<\/p>\n<p>\u2022 Sonnenschutz: im besonnten Bereich au\u00dfenliegende Alu-Lamellen<br \/>\n\u2022 Verkabelung: CAT 5-7<br \/>\n\u2022 Kabelf\u00fchrung: Bodentanks<br \/>\n\u2022 Beleuchtung: Rasterleuchten\/Pendelleuchten<br \/>\n\u2022 Aufzug: Personenaufzug<br \/>\n\u2022 Barrierearm: ebenerdiger Zugang<br \/>\n\u2022 K\u00fchlung: teilklimatisiert\/ optional m\u00f6glich<br \/>\n\u2022 Teek\u00fcche: teilweise vorhanden<\/p>\n<p>Highlights:<br \/>\n\u2022 gute Anbindung<br \/>\n\u2022 N\u00e4he zum Hauptbahnhof<br \/>\n\u2022 Ausbau nach Mieterwunsch<br \/>\n\u2022 gehobene Ausstattung<br \/>\n\u2022 ausreichend Parkpl\u00e4tze vorhanden<\/p>\n<p>Es gelten ausschlie\u00dflich unsere AGB (www.ruhr-real.de\/agb). Wir m\u00f6chten Sie darauf hinweisen, dass die Angaben ausschlie\u00dflich auf den uns vom Eigent\u00fcmer \u00fcbermittelten Unterlagen und Informationen basieren. F\u00fcr Richtigkeit und Vollst\u00e4ndigkeit \u00fcbernehmen wir keine Gew\u00e4hr. Zwischenvermietung vorbehalten.<br \/>\n<div class=\"widget widget_immonex_user_defined_properties_widget\"><div class=\"immonex-widget immonex-widget-houzez\">\n\t\t<div class=\"immonex-widget-title clearfix\">\n\t\t<h2 class=\"widgettitle\">Energieeffizienz<\/h2>\t<\/div>\n\t\t<ul class=\"immonex-property-details row list-lined list-unstyled\">\n\t\t\t\t<li>\n\t\t\t<div class=\"list-lined-item w-100 d-flex justify-content-between py-2\">\n\t\t\t\t\t\t\t\t<strong class=\"property-details-label\">Energieausweis-Art:<\/strong>&nbsp;<span class=\"property-details-value\">Demand<\/span>\n\t\t\t\t\t\t\t<\/div>\n\t\t<\/li>\n\t\t\t\t<li>\n\t\t\t<div class=\"list-lined-item w-100 d-flex justify-content-between py-2\">\n\t\t\t\t\t\t\t\t<strong class=\"property-details-label\">Energieausweis g\u00fcltig bis:<\/strong>&nbsp;<span class=\"property-details-value\">11.12.2024<\/span>\n\t\t\t\t\t\t\t<\/div>\n\t\t<\/li>\n\t\t\t\t<li>\n\t\t\t<div class=\"list-lined-item w-100 d-flex justify-content-between py-2\">\n\t\t\t\t\t\t\t\t<strong class=\"property-details-label\">Prim\u00e4renergietr\u00e4ger:<\/strong>&nbsp;<span class=\"property-details-value\">Fernw\u00e4rme<\/span>\n\t\t\t\t\t\t\t<\/div>\n\t\t<\/li>\n\t\t\t\t<li>\n\t\t\t<div class=\"list-lined-item w-100 d-flex justify-content-between py-2\">\n\t\t\t\t\t\t\t\t<strong class=\"property-details-label\">Stromverbrauchskennwert:<\/strong>&nbsp;<span class=\"property-details-value\">23,1&nbsp;kWh\/(m\u00b2*a)<\/span>\n\t\t\t\t\t\t\t<\/div>\n\t\t<\/li>\n\t\t\t\t<li>\n\t\t\t<div class=\"list-lined-item w-100 d-flex justify-content-between py-2\">\n\t\t\t\t\t\t\t\t<strong class=\"property-details-label\">Heizenergieverbrauchskennwert:<\/strong>&nbsp;<span class=\"property-details-value\">149,7&nbsp;kWh\/(m\u00b2*a)<\/span>\n\t\t\t\t\t\t\t<\/div>\n\t\t<\/li>\n\t\t\t\t<li>\n\t\t\t<div class=\"list-lined-item w-100 d-flex justify-content-between py-2\">\n\t\t\t\t\t\t\t\t<strong class=\"property-details-label\">Baujahr (Energieausweis):<\/strong>&nbsp;<span class=\"property-details-value\">2013<\/span>\n\t\t\t\t\t\t\t<\/div>\n\t\t<\/li>\n\t\t\t\t<li>\n\t\t\t<div class=\"list-lined-item w-100 d-flex justify-content-between py-2\">\n\t\t\t\t\t\t\t\t<strong class=\"property-details-label\">Energieausweis-Ausstellungsdatum:<\/strong>&nbsp;<span class=\"property-details-value\">12.12.2014<\/span>\n\t\t\t\t\t\t\t<\/div>\n\t\t<\/li>\n\t\t\t\t<li>\n\t\t\t<div class=\"list-lined-item w-100 d-flex justify-content-between py-2\">\n\t\t\t\t\t\t\t\t<strong class=\"property-details-label\">Energieausweis-Jahrgang:<\/strong>&nbsp;<span class=\"property-details-value\">before 2014<\/span>\n\t\t\t\t\t\t\t<\/div>\n\t\t<\/li>\n\t\t\t<\/ul>\n<\/div><\/div><\/p>\n","protected":false},"excerpt":{"rendered":"<p>Bei dem Landmark-Geb\u00e4ude handelt es sich um ein gepflegtes B\u00fcrohaus, direkt geben\u00fcber der Philharmonie und dem&#8230;<\/p>\n","protected":false},"author":1,"featured_media":188787,"parent":0,"menu_order":0,"template":"","property_type":[379],"property_status":[352],"property_feature":[355,537,361,354,350],"property_label":[],"property_country":[353],"property_state":[],"property_city":[306],"property_area":[],"class_list":["post-188512","property","type-property","status-publish","has-post-thumbnail","hentry","property_type-bueroflaechen","property_status-zu-vermieten","property_feature-barrierefrei","property_feature-gewerbliche-nutzung-moeglich","property_feature-klimaanlage","property_feature-personenaufzug","property_feature-raeume-veraenderbar","property_country-deutschland","property_city-essen"],"acf":[],"property_meta":{"_immonex_import_folder":["users\/RUHRREAL"],"_immonex_translation_id":["440\/E8"],"_openimmo_obid":["1385E31FCEE545BAAAF3905A19BFDEB4"],"_is_immonex_import_property":["1"],"_immonex_is_reference":[""],"rank_math_internal_links_processed":["1"],"copied_media_ids":["a:0:{}"],"referenced_media_ids":["a:0:{}"],"_immonex_post_status":["updated"],"fave_property_map_address":["45128 Essen"],"fave_property_zip":["45128"],"fave_property_country":["DE"],"_immonex_lat":["51.4681041"],"_immonex_lng":["7.004847"],"houzez_geolocation_lat":["51.4681041"],"houzez_geolocation_long":["7.004847"],"fave_property_location":["51.4681041,7.004847"],"fave_property_price":["10.50"],"fave_property_sec_price":["10.5000"],"fave_property_size":["502"],"fave_property_year":["1984"],"fave_property_id":["440\/E8"],"_fave_property_id":["440\/E8"],"_immonex_iso_country":["DEU"],"fave_nebenkosten":["3&nbsp;\u20ac"],"_openimmo_anid":["0000"],"_immonex_group_number":["3"],"_immonex_group_id":[""],"_immonex_group_master":[""],"_immonex_import_meta":["a:6:{s:8:\"zip_file\";s:131:\"\/www\/htdocs\/w0172e0e\/ruhr-real_2024\/wp-content\/uploads\/immonex-openimmo-import\/users\/RUHRREAL\/Immowelt_estatePro_20260430153749.zip\";s:8:\"xml_file\";s:158:\"\/www\/htdocs\/w0172e0e\/ruhr-real_2024\/wp-content\/uploads\/immonex-openimmo-import\/immowelt_estatepro_20260430153749\/Homepage_2024_NEW_estatePro20260430153749.xml\";s:12:\"mapping_file\";s:116:\"\/www\/htdocs\/w0172e0e\/ruhr-real_2024\/wp-content\/uploads\/immonex-openimmo-import\/mappings\/houzez_ruhrreal_20260325.csv\";s:9:\"timestamp\";i:1777556303;s:4:\"date\";s:10:\"2026-04-30\";s:4:\"time\";s:8:\"15:38:23\";}"],"_immonex_is_sold":[""],"_immonex_is_reserved":[""],"_immonex_is_available":["1"],"_immonex_areabutler_url_with_address":[""],"_immonex_areabutler_url_no_address":[""],"_immonex_areabutler_url":[""],"additional_features":["a:17:{i:0;a:2:{s:29:\"fave_additional_feature_title\";s:11:\"Heizungsart\";s:29:\"fave_additional_feature_value\";s:11:\"Fernheizung\";}i:1;a:2:{s:29:\"fave_additional_feature_title\";s:14:\"Nettokaltmiete\";s:29:\"fave_additional_feature_value\";s:14:\"10,50&nbsp;\u20ac\";}i:2;a:2:{s:29:\"fave_additional_feature_title\";s:9:\"Kaltmiete\";s:29:\"fave_additional_feature_value\";s:14:\"10,50&nbsp;\u20ac\";}i:3;a:2:{s:29:\"fave_additional_feature_title\";s:29:\"monatl. Betriebs-\/Nebenkosten\";s:29:\"fave_additional_feature_value\";s:10:\"3&nbsp;\u20ac\";}i:4;a:2:{s:29:\"fave_additional_feature_title\";s:33:\"Heizkosten in Warmmiete enthalten\";s:29:\"fave_additional_feature_value\";s:4:\"nein\";}i:5;a:2:{s:29:\"fave_additional_feature_title\";s:32:\"Preise zuz\u00fcglich Mehrwertsteuer\";s:29:\"fave_additional_feature_value\";s:4:\"nein\";}i:6;a:2:{s:29:\"fave_additional_feature_title\";s:23:\"Netto-Kaltmiete pro m\u00b2\";s:29:\"fave_additional_feature_value\";s:14:\"10,50&nbsp;\u20ac\";}i:7;a:2:{s:29:\"fave_additional_feature_title\";s:10:\"MwSt.-Satz\";s:29:\"fave_additional_feature_value\";s:9:\"19&nbsp;%\";}i:8;a:2:{s:29:\"fave_additional_feature_title\";s:12:\"B\u00fcrofl\u00e4che\";s:29:\"fave_additional_feature_value\";s:12:\"608&nbsp;m\u00b2\";}i:9;a:2:{s:29:\"fave_additional_feature_title\";s:16:\"B\u00fcroteilfl\u00e4che\";s:29:\"fave_additional_feature_value\";s:12:\"502&nbsp;m\u00b2\";}i:10;a:2:{s:29:\"fave_additional_feature_title\";s:10:\"Teilbar ab\";s:29:\"fave_additional_feature_value\";s:12:\"502&nbsp;m\u00b2\";}i:11;a:2:{s:29:\"fave_additional_feature_title\";s:19:\"Art der Ausstattung\";s:29:\"fave_additional_feature_value\";s:8:\"Standard\";}i:12;a:2:{s:29:\"fave_additional_feature_title\";s:10:\"Befeuerung\";s:29:\"fave_additional_feature_value\";s:10:\"Fernw\u00e4rme\";}i:13;a:2:{s:29:\"fave_additional_feature_title\";s:10:\"Bodenbelag\";s:29:\"fave_additional_feature_value\";s:7:\"Teppich\";}i:14;a:2:{s:29:\"fave_additional_feature_title\";s:13:\"Stellplatzart\";s:29:\"fave_additional_feature_value\";s:21:\"Tiefgarage, Freiplatz\";}i:15;a:2:{s:29:\"fave_additional_feature_title\";s:7:\"Zustand\";s:29:\"fave_additional_feature_value\";s:8:\"gepflegt\";}i:16;a:2:{s:29:\"fave_additional_feature_title\";s:27:\"Immobilie ist verf\u00fcgbar ab\";s:29:\"fave_additional_feature_value\";s:11:\"kurzfristig\";}}"],"fave_additional_features_enable":["enable"],"_immonex_custom_fields":["a:8:{s:18:\"Energieausweis-Art\";a:5:{s:14:\"mapping_source\";s:35:\"zustand_angaben->energiepass->epart\";s:4:\"name\";s:0:\"\";s:5:\"group\";s:5:\"epass\";s:5:\"value\";s:6:\"Demand\";s:19:\"value_before_filter\";s:6:\"BEDARF\";}s:26:\"Energieausweis g\u00fcltig bis\";a:5:{s:14:\"mapping_source\";s:41:\"zustand_angaben->energiepass->gueltig_bis\";s:4:\"name\";s:0:\"\";s:5:\"group\";s:5:\"epass\";s:5:\"value\";s:10:\"11.12.2024\";s:19:\"value_before_filter\";s:10:\"11.12.2024\";}s:21:\"Prim\u00e4renergietr\u00e4ger\";a:5:{s:14:\"mapping_source\";s:29:\"ausstattung->befeuerung:FERN+\";s:4:\"name\";s:0:\"\";s:5:\"group\";s:5:\"epass\";s:5:\"value\";s:10:\"Fernw\u00e4rme\";s:19:\"value_before_filter\";s:10:\"Fernw\u00e4rme\";}s:23:\"Stromverbrauchskennwert\";a:5:{s:14:\"mapping_source\";s:39:\"zustand_angaben->energiepass->stromwert\";s:4:\"name\";s:0:\"\";s:5:\"group\";s:5:\"epass\";s:5:\"value\";s:21:\"23,1&nbsp;kWh\/(m\u00b2*a)\";s:19:\"value_before_filter\";s:4:\"23,1\";}s:29:\"Heizenergieverbrauchskennwert\";a:5:{s:14:\"mapping_source\";s:40:\"zustand_angaben->energiepass->waermewert\";s:4:\"name\";s:0:\"\";s:5:\"group\";s:5:\"epass\";s:5:\"value\";s:22:\"149,7&nbsp;kWh\/(m\u00b2*a)\";s:19:\"value_before_filter\";s:5:\"149,7\";}s:24:\"Baujahr (Energieausweis)\";a:5:{s:14:\"mapping_source\";s:37:\"zustand_angaben->energiepass->baujahr\";s:4:\"name\";s:0:\"\";s:5:\"group\";s:5:\"epass\";s:5:\"value\";s:4:\"2013\";s:19:\"value_before_filter\";s:4:\"2013\";}s:32:\"Energieausweis-Ausstellungsdatum\";a:5:{s:14:\"mapping_source\";s:43:\"zustand_angaben->energiepass->ausstelldatum\";s:4:\"name\";s:0:\"\";s:5:\"group\";s:5:\"epass\";s:5:\"value\";s:10:\"12.12.2014\";s:19:\"value_before_filter\";s:10:\"2014-12-12\";}s:23:\"Energieausweis-Jahrgang\";a:5:{s:14:\"mapping_source\";s:38:\"zustand_angaben->energiepass->jahrgang\";s:4:\"name\";s:0:\"\";s:5:\"group\";s:5:\"epass\";s:5:\"value\";s:11:\"before 2014\";s:19:\"value_before_filter\";s:4:\"2008\";}}"],"_immonex_property_xml_source":["<?xml version=\"1.0\"?>\n<immobilie>\n<objektkategorie>\n<nutzungsart WOHNEN=\"false\" GEWERBE=\"true\"\/>\n<vermarktungsart KAUF=\"false\" MIETE_PACHT=\"true\"\/>\n<objektart>\n<buero_praxen buero_typ=\"BUEROHAUS\"\/>\n<\/objektart>\n<user_defined_simplefield\/>\n<\/objektkategorie>\n<geo>\n<plz>45128<\/plz>\n<ort>Essen<\/ort>\n<strasse>Huyssenallee<\/strasse>\n<hausnummer>100\/Bismarckstra&#xDF;e 45<\/hausnummer>\n<land iso_land=\"DEU\"\/>\n<lage_im_bau\/>\n<\/geo>\n<kontaktperson>\n<email_zentrale>anfrage@ruhr-real.de<\/email_zentrale>\n<email_direkt>bruckmann@ruhr-real.de<\/email_direkt>\n<tel_durchw>+49 201 99996337<\/tel_durchw>\n<tel_fax>+49 201 99996344<\/tel_fax>\n<tel_handy>+49 172 7088870<\/tel_handy>\n<name>Bruckmann<\/name>\n<vorname>Jonas<\/vorname>\n<anrede>Herr<\/anrede>\n<firma>RUHR REAL GmbH<\/firma>\n<strasse>Holsterhauser Platz<\/strasse>\n<hausnummer>2<\/hausnummer>\n<plz>45147<\/plz>\n<ort>Essen<\/ort>\n<adressfreigabe>true<\/adressfreigabe>\n<\/kontaktperson>\n<preise>\n<nettokaltmiete>10.50<\/nettokaltmiete>\n<kaltmiete>10.50<\/kaltmiete>\n<nebenkosten>3.00<\/nebenkosten>\n<heizkosten_enthalten>false<\/heizkosten_enthalten>\n<zzg_mehrwertsteuer>false<\/zzg_mehrwertsteuer>\n<preis_zeiteinheit\/>\n<mietpreis_pro_qm>10.5000<\/mietpreis_pro_qm>\n<provisionspflichtig>false<\/provisionspflichtig>\n<waehrung iso_waehrung=\"EUR\"\/>\n<mwst_satz>19.00<\/mwst_satz>\n<stp_carport\/>\n<stp_duplex\/>\n<stp_freiplatz\/>\n<stp_garage\/>\n<stp_parkhaus\/>\n<stp_tiefgarage\/>\n<\/preise>\n<bieterverfahren\/>\n<versteigerung\/>\n<flaechen>\n<bueroflaeche>608<\/bueroflaeche>\n<bueroteilflaeche>502<\/bueroteilflaeche>\n<teilbar_ab>502<\/teilbar_ab>\n<anzahl_stellplaetze type=\"xsd:decimal\">299<\/anzahl_stellplaetze>\n<\/flaechen>\n<ausstattung>\n<ausstatt_kategorie>STANDARD<\/ausstatt_kategorie>\n<raeume_veraenderbar>true<\/raeume_veraenderbar>\n<bad\/>\n<kueche\/>\n<boden TEPPICH=\"true\"\/>\n<heizungsart FERN=\"true\"\/>\n<befeuerung FERN=\"true\"\/>\n<klimatisiert>true<\/klimatisiert>\n<fahrstuhl PERSONEN=\"true\"\/>\n<stellplatzart FREIPLATZ=\"true\"\/>\n<stellplatzart TIEFGARAGE=\"true\"\/>\n<ausricht_balkon_terrasse\/>\n<barrierefrei>true<\/barrierefrei>\n<angeschl_gastronomie\/>\n<sicherheitstechnik\/>\n<\/ausstattung>\n<zustand_angaben>\n<baujahr>1984<\/baujahr>\n<zustand zustand_art=\"GEPFLEGT\"\/>\n<energiepass>\n<epart>BEDARF<\/epart>\n<gueltig_bis>11.12.2024<\/gueltig_bis>\n<stromwert>23,1<\/stromwert>\n<waermewert>149,7<\/waermewert>\n<baujahr>2013<\/baujahr>\n<ausstelldatum>2014-12-12<\/ausstelldatum>\n<jahrgang>2008<\/jahrgang>\n<\/energiepass>\n<\/zustand_angaben>\n<bewertung\/>\n<infrastruktur\/>\n<freitexte>\n<objekttitel>Moderne und hochwertig ausgestattete B&#xFC;rofl&#xE4;che l 608 m&#xB2; | HBF fu&#xDF;l&#xE4;ufig erreichbar | gute Lage<\/objekttitel>\n<lage>Das Geb&#xE4;ude liegt im S&#xFC;dviertel von Essen. Aufgrund der direkten Anbindung an die Autobahn A40, sowie der direkten N&#xE4;he (fu&#xDF;l&#xE4;ufig zu erreichen) zum Essener Hauptbahnhof, ist dieses Objekt besonders verkehrsg&#xFC;nstig gelegen.\nDen Flughafen D&#xFC;sseldorf erreichen Sie in ca. 20 Minuten.\n\nHotels in der N&#xE4;he: Sheraton Hotel, Intercity Hotel, Mercure Hotel, ibis Hotel, Select Hotel Handelshof\n\nBedeutende Unternehmen in der B&#xFC;romarktzone: Santander Consumer Bank AG, Hapag-Lloyd Reiseb&#xFC;ro, Philharmonie, PWC\n<\/lage>\n<ausstatt_beschr>&#x2022; Sonnenschutz: im besonnten Bereich au&#xDF;enliegende Alu-Lamellen\n&#x2022; Verkabelung: CAT 5-7\n&#x2022; Kabelf&#xFC;hrung: Bodentanks\n&#x2022; Beleuchtung: Rasterleuchten\/Pendelleuchten\n&#x2022; Aufzug: Personenaufzug\n&#x2022; Barrierearm: ebenerdiger Zugang\n&#x2022; K&#xFC;hlung: teilklimatisiert\/ optional m&#xF6;glich\n&#x2022; Teek&#xFC;che: teilweise vorhanden\n\nHighlights:\n&#x2022; gute Anbindung\n&#x2022; N&#xE4;he zum Hauptbahnhof\n&#x2022; Ausbau nach Mieterwunsch\n&#x2022; gehobene Ausstattung\n&#x2022; ausreichend Parkpl&#xE4;tze vorhanden<\/ausstatt_beschr>\n<objektbeschreibung>Bei dem Landmark-Geb&#xE4;ude handelt es sich um ein gepflegtes B&#xFC;rohaus, direkt geben&#xFC;ber der Philharmonie und dem Sheraton Hotel. Das Geb&#xE4;ude wurde zuletzt in den Jahren 2011 bis 2013 modernisiert und verf&#xFC;gt &#xFC;ber eine hauseigene Cafeteria. Alle Fl&#xE4;chen werden &#xFC;ber einen Personenaufzug erschlossen. Es stehen ausreichend PKW-Stellpl&#xE4;tze f&#xFC;r 60-80 EUR\/St&#xFC;ck zur Anmietung bereit.\n\nFolgende Fl&#xE4;che steht zur Disposition:\n\nBT A:\n2. OG: ca 1.530,38 m&#xB2;\n6. OG: ca. 704,62 m&#xB2;\n\nBT C:\nEG: ca. 591,19 m&#xB2;\n1. OG: ca. 502,47 m&#xB2;\n2. OG: ca. 607,72 m&#xB2; \n3. OG: ca. 607,61 m&#xB2;\n\nLagerfl&#xE4;chen sind im UG vorhanden.\n\nDie Fl&#xE4;chen BT A 2. OG und BT C 3. OG sind zusammenh&#xE4;ngend anmietbar. <\/objektbeschreibung>\n<sonstige_angaben>Es gelten ausschlie&#xDF;lich unsere AGB (www.ruhr-real.de\/agb). Wir m&#xF6;chten Sie darauf hinweisen, dass die Angaben ausschlie&#xDF;lich auf den uns vom Eigent&#xFC;mer &#xFC;bermittelten Unterlagen und Informationen basieren. F&#xFC;r Richtigkeit und Vollst&#xE4;ndigkeit &#xFC;bernehmen wir keine Gew&#xE4;hr. Zwischenvermietung vorbehalten.<\/sonstige_angaben>\n<\/freitexte>\n<anhaenge>\n<anhang location=\"EXTERN\" gruppe=\"TITELBILD\">\n<anhangtitel>Geb&#xE4;udeansicht<\/anhangtitel>\n<format>jpg<\/format>\n<daten>\n<pfad>19183222909a42058b137c40af8378ad.jpg<\/pfad>\n<\/daten>\n<\/anhang>\n<anhang location=\"EXTERN\" gruppe=\"BILD\">\n<anhangtitel>Au&#xDF;enansicht<\/anhangtitel>\n<format>jpg<\/format>\n<daten>\n<pfad>ea178f3d41bc4c29877f2cd342f1c3ca.jpg<\/pfad>\n<\/daten>\n<\/anhang>\n<anhang location=\"EXTERN\" gruppe=\"BILD\"><anhangtitel>Au&#xDF;enansicht<\/anhangtitel>\n<format>jpg<\/format>\n<daten>\n<pfad>de17ffffef7f44e487e5cd6994e7987c.jpg<\/pfad>\n<\/daten>\n<\/anhang>\n<anhang location=\"EXTERN\" gruppe=\"BILD\">\n<anhangtitel>B&#xFC;ro<\/anhangtitel>\n<format>jpg<\/format>\n<daten>\n<pfad>ee570fb88ea046f8bd1c3feeb4425efc.jpg<\/pfad>\n<\/daten>\n<\/anhang>\n<anhang location=\"EXTERN\" gruppe=\"BILD\">\n<anhangtitel>Kleiner Konferenzraum<\/anhangtitel>\n<format>jpg<\/format>\n<daten>\n<pfad>95ed2ba2278a498d98cc065de45f3c56.jpg<\/pfad>\n<\/daten>\n<\/anhang>\n<anhang location=\"EXTERN\" gruppe=\"BILD\">\n<anhangtitel>Eingangsbereich<\/anhangtitel>\n<format>jpg<\/format>\n<daten>\n<pfad>58d1984b4d3145adae59e30a7aa2ddaa.jpg<\/pfad>\n<\/daten>\n<\/anhang>\n<anhang location=\"EXTERN\" gruppe=\"BILD\">\n<anhangtitel>Eingang<\/anhangtitel>\n<format>jpg<\/format>\n<daten>\n<pfad>b166205c32654d098272d096513de714.jpg<\/pfad>\n<\/daten>\n<\/anhang>\n<anhang location=\"EXTERN\" gruppe=\"BILD\">\n<anhangtitel>Kopierraum<\/anhangtitel>\n<format>jpg<\/format>\n<daten>\n<pfad>ff09553782e74280b477b5536630a99d.jpg<\/pfad>\n<\/daten>\n<\/anhang>\n<anhang location=\"EXTERN\" gruppe=\"BILD\">\n<anhangtitel>Personenaufz&#xFC;ge<\/anhangtitel>\n<format>jpg<\/format>\n<daten>\n<pfad>b474dd580244424d9e6ca3eccf99377e.jpg<\/pfad>\n<\/daten>\n<\/anhang>\n<anhang location=\"EXTERN\" gruppe=\"BILD\">\n<anhangtitel>Teek&#xFC;che<\/anhangtitel>\n<format>jpg<\/format>\n<daten>\n<pfad>ba80b918f7a54649ba301b651a2de48a.jpg<\/pfad>\n<\/daten>\n<\/anhang>\n<anhang location=\"EXTERN\" gruppe=\"GRUNDRISS\">\n<anhangtitel>BT A - C<\/anhangtitel>\n<format>JPG<\/format>\n<daten>\n<pfad>2716b08e851548ccad72e09fa3f4cf05.JPG<\/pfad>\n<\/daten>\n<\/anhang>\n<\/anhaenge>\n<verwaltung_objekt>\n<objektadresse_freigeben>false<\/objektadresse_freigeben>\n<verfuegbar_ab>kurzfristig<\/verfuegbar_ab>\n<gruppennummer>3<\/gruppennummer>\n<geschlecht\/>\n<gewerbliche_nutzung>true<\/gewerbliche_nutzung>\n<\/verwaltung_objekt>\n<verwaltung_techn>\n<objektnr_intern>1385E31FCEE545BAAAF3905A19BFDEB4<\/objektnr_intern>\n<objektnr_extern>440\/E8<\/objektnr_extern>\n<aktion aktionart=\"CHANGE\"\/>\n<openimmo_obid>1385E31FCEE545BAAAF3905A19BFDEB4<\/openimmo_obid>\n<kennung_ursprung>estatePro V10.0.0.8<\/kennung_ursprung>\n<stand_vom>2026-04-30<\/stand_vom>\n<\/verwaltung_techn>\n<user_defined_simplefield feldname=\"Startseite\">Nein<\/user_defined_simplefield>\n<\/immobilie>\n"],"_immonex_energy_class":[""],"_immonex_energy_class_id":["0"],"_thumbnail_id":["188787"],"_wpml_word_count":["366"],"fave_property_images":["188787","188788","188789","188790","188791","188792","188793","188794","188795","188796"],"fave_floor_plans_enable":["enable"],"floor_plans":["a:1:{i:0;a:7:{s:15:\"fave_plan_title\";s:8:\"BT A - C\";s:15:\"fave_plan_rooms\";s:0:\"\";s:19:\"fave_plan_bathrooms\";s:0:\"\";s:15:\"fave_plan_price\";s:0:\"\";s:14:\"fave_plan_size\";s:0:\"\";s:15:\"fave_plan_image\";s:84:\"https:\/\/ruhr-real.de\/wp-content\/uploads\/2026\/04\/2716b08e851548ccad72e09fa3f4cf05.jpg\";s:21:\"fave_plan_description\";s:0:\"\";}}"],"fave_prop_homeslider":["yes"],"fave_prop_slider_image":["188787"],"fave_agents":["111496"],"fave_agent_display_option":["agent_info"],"fave_single_top_area":["global"],"fave_single_content_area":["global"],"fave_property_map":["1"],"fave_property_map_street_view":["hide"],"fave_property_size_prefix":["m\u00b2"],"fave_property_land_postfix":["m\u00b2"],"fave_featured":["0"],"houzez_featured_listing_date":[""],"fave_property_price_postfix":["pro&nbsp;m\u00b2"],"fave_currency":["EUR"],"fave_currency_info":["a:8:{s:2:\"id\";s:1:\"1\";s:13:\"currency_name\";s:4:\"Euro\";s:13:\"currency_code\";s:3:\"EUR\";s:15:\"currency_symbol\";s:3:\"\u20ac\";s:17:\"currency_position\";s:5:\"after\";s:16:\"currency_decimal\";s:1:\"2\";s:26:\"currency_decimal_separator\";s:1:\",\";s:27:\"currency_thousand_separator\";s:1:\".\";}"],"houzez_total_property_views":["14"],"houzez_views_by_date":["a:2:{s:10:\"04-30-2026\";i:3;s:10:\"05-01-2026\";i:11;}"],"houzez_recently_viewed":["2026-05-01 23:11:33"],"_elementor_page_assets":["a:0:{}"]},"_links":{"self":[{"href":"https:\/\/ruhr-real.de\/en\/wp-json\/wp\/v2\/properties\/188512","targetHints":{"allow":["GET"]}}],"collection":[{"href":"https:\/\/ruhr-real.de\/en\/wp-json\/wp\/v2\/properties"}],"about":[{"href":"https:\/\/ruhr-real.de\/en\/wp-json\/wp\/v2\/types\/property"}],"author":[{"embeddable":true,"href":"https:\/\/ruhr-real.de\/en\/wp-json\/wp\/v2\/users\/1"}],"version-history":[{"count":0,"href":"https:\/\/ruhr-real.de\/en\/wp-json\/wp\/v2\/properties\/188512\/revisions"}],"wp:featuredmedia":[{"embeddable":true,"href":"https:\/\/ruhr-real.de\/en\/wp-json\/wp\/v2\/media\/188787"}],"wp:attachment":[{"href":"https:\/\/ruhr-real.de\/en\/wp-json\/wp\/v2\/media?parent=188512"}],"wp:term":[{"taxonomy":"property_type","embeddable":true,"href":"https:\/\/ruhr-real.de\/en\/wp-json\/wp\/v2\/property_type?post=188512"},{"taxonomy":"property_status","embeddable":true,"href":"https:\/\/ruhr-real.de\/en\/wp-json\/wp\/v2\/property_status?post=188512"},{"taxonomy":"property_feature","embeddable":true,"href":"https:\/\/ruhr-real.de\/en\/wp-json\/wp\/v2\/property_feature?post=188512"},{"taxonomy":"property_label","embeddable":true,"href":"https:\/\/ruhr-real.de\/en\/wp-json\/wp\/v2\/property_label?post=188512"},{"taxonomy":"property_country","embeddable":true,"href":"https:\/\/ruhr-real.de\/en\/wp-json\/wp\/v2\/property_country?post=188512"},{"taxonomy":"property_state","embeddable":true,"href":"https:\/\/ruhr-real.de\/en\/wp-json\/wp\/v2\/property_state?post=188512"},{"taxonomy":"property_city","embeddable":true,"href":"https:\/\/ruhr-real.de\/en\/wp-json\/wp\/v2\/property_city?post=188512"},{"taxonomy":"property_area","embeddable":true,"href":"https:\/\/ruhr-real.de\/en\/wp-json\/wp\/v2\/property_area?post=188512"}],"curies":[{"name":"wp","href":"https:\/\/api.w.org\/{rel}","templated":true}]}}