{"id":188614,"date":"2026-04-30T00:01:14","date_gmt":"2026-04-29T22:01:14","guid":{"rendered":"https:\/\/ruhr-real.de\/objekt\/alleinauftrag-modern-ausgestattete-bueroflaechen-repraesentatives-gebaeude-stellplaetze\/"},"modified":"2026-04-30T00:01:14","modified_gmt":"2026-04-29T22:01:14","slug":"alleinauftrag-modern-ausgestattete-bueroflaechen-repraesentatives-gebaeude-stellplaetze","status":"publish","type":"property","link":"https:\/\/ruhr-real.de\/en\/objekt\/alleinauftrag-modern-ausgestattete-bueroflaechen-repraesentatives-gebaeude-stellplaetze\/","title":{"rendered":"Alleinauftrag: Modern ausgestattete B\u00fcrofl\u00e4chen | repr\u00e4sentatives Geb\u00e4ude | Stellpl\u00e4tze"},"content":{"rendered":"<p>Die zentral gelegene, ansprechende B\u00fcroimmobilie besticht mit einer modernen Au\u00dfenfassade aus dunklen Klinkersteinen. Zahlreiche Fensterfronten sorgen f\u00fcr zeitgem\u00e4\u00dfe, helle Arbeitsr\u00e4ume. Die einzelnen B\u00fcroetagen werden \u00fcber einen Personenaufzug erschlossen. Dar\u00fcber hinaus werden dem Nutzer Open Space Fl\u00e4chen sowie Einzel- und Gruppenb\u00fcros im Industrial Design mit Akustiksegeln, effizienter CAT-7 Verkabelung und Klimaanlage geboten. Stellpl\u00e4tze stehen zur Anmietung auf dem hauseigenen Grundst\u00fcck bereit.<\/p>\n<p>Zur Zeit stehen folgende Fl\u00e4chen zur Disposition:<\/p>\n<p>2. OG: 359 m\u00b2<br \/>\n4. OG: 650 m\u00b2<\/p>\n<p>Das einzigartige moderne B\u00fcrogeb\u00e4ude befindet sich in unmittelbarer N\u00e4he zur Duisburger Innenstadt sowie zur Uni Duisburg. Der Hauptbahnhof ist fu\u00dfl\u00e4ufig in 5 Minuten erreichbar.<br \/>\nDie A40, A3 und A59 befinden sich nur wenige Fahrminuten entfernt. \u00d6PNV-Anbindungen sind innerhalb weniger Gehminuten zu erreichen. Durch die Lage an einer stark frequentierten Stra\u00dfe profitiert das Geb\u00e4ude von seiner Sichtbarkeit und seiner Werbem\u00f6glichkeit.<\/p>\n<p>Bedeutende Unternehmen in der B\u00fcromarktzone: Targo Bank Zentrale, DB Schenker.<\/p>\n<p>Hotels der Umgebung: Hotel Friedrichs, B&amp;B Hotels, ibis Hotel, Intercity Hotel<\/p>\n<p>\u2022 Sonnenschutz: au\u00dfenliegend, elektrisch<br \/>\n\u2022 Bodenbelag: nach Mieterwunsch<br \/>\n\u2022 Klimatisierung: Klimaanlage<br \/>\n\u2022 Verkabelung: CAT-7<br \/>\n\u2022 Kabelf\u00fchrung: Hohlraumboden<br \/>\n\u2022 Beleuchtung: Deckenleuchten<br \/>\n\u2022 Teek\u00fcche: vorhanden<br \/>\n\u2022 Aufzug: Personenaufzug<br \/>\n\u2022 Barrierearm: ebenerdiger Zugang<br \/>\n\u2022 Akustiksegel<\/p>\n<p>Die Ausstattung kann kann bei Bedarf angepasst werden!<\/p>\n<p>Highlights:<\/p>\n<p>\u2022 flexible B\u00fcrokombinationen<br \/>\n\u2022 Industrial Design<br \/>\n\u2022 Cityn\u00e4he<br \/>\n\u2022 Glasfaseranschluss<br \/>\n\u2022 individuelle Grundrissgestaltung<br \/>\n\u2022 viele Stellpl\u00e4tze<\/p>\n<p>Es gelten ausschlie\u00dflich unsere AGB (www.ruhr-real.de\/agb). Wir m\u00f6chten Sie darauf hinweisen, dass die Angaben ausschlie\u00dflich auf den uns vom Eigent\u00fcmer \u00fcbermittelten Unterlagen und Informationen basieren. F\u00fcr Richtigkeit und Vollst\u00e4ndigkeit \u00fcbernehmen wir keine Gew\u00e4hr. Zwischenvermietung vorbehalten.<br \/>\n<div class=\"widget widget_immonex_user_defined_properties_widget\"><div class=\"immonex-widget immonex-widget-houzez\">\n\t\t<div class=\"immonex-widget-title clearfix\">\n\t\t<h2 class=\"widgettitle\">Energieeffizienz<\/h2>\t<\/div>\n\t\t<ul class=\"immonex-property-details row list-lined list-unstyled\">\n\t\t\t\t<li>\n\t\t\t<div class=\"list-lined-item w-100 d-flex justify-content-between py-2\">\n\t\t\t\t\t\t\t\t<strong class=\"property-details-label\">Energieausweis-Jahrgang:<\/strong>&nbsp;<span class=\"property-details-value\">not available<\/span>\n\t\t\t\t\t\t\t<\/div>\n\t\t<\/li>\n\t\t\t<\/ul>\n<\/div><\/div><\/p>\n","protected":false},"excerpt":{"rendered":"<p>Die zentral gelegene, ansprechende B\u00fcroimmobilie besticht mit einer modernen Au\u00dfenfassade aus dunklen Klinkersteinen&#8230;.<\/p>\n","protected":false},"author":1,"featured_media":188615,"parent":0,"menu_order":0,"template":"","property_type":[379],"property_status":[352],"property_feature":[355,537,354,350],"property_label":[],"property_country":[353],"property_state":[],"property_city":[334],"property_area":[413],"class_list":["post-188614","property","type-property","status-publish","has-post-thumbnail","hentry","property_type-bueroflaechen","property_status-zu-vermieten","property_feature-barrierefrei","property_feature-gewerbliche-nutzung-moeglich","property_feature-personenaufzug","property_feature-raeume-veraenderbar","property_country-deutschland","property_city-duisburg","property_area-neudorf-nord-duisburg"],"acf":[],"property_meta":{"rank_math_internal_links_processed":["1"],"copied_media_ids":["a:0:{}"],"referenced_media_ids":["a:0:{}"],"_immonex_post_status":["new"],"_immonex_import_folder":["users\/RUHRREAL"],"fave_property_map_address":["47057 Duisburg"],"fave_property_zip":["47057"],"fave_property_country":["DE"],"_immonex_lat":["51.4138035"],"_immonex_lng":["6.8076037"],"houzez_geolocation_lat":["51.4138035"],"houzez_geolocation_long":["6.8076037"],"fave_property_location":["51.4138035,6.8076037"],"fave_property_price":["12.50"],"fave_property_sec_price":["12.5000"],"fave_property_size":["673"],"fave_property_id":["1016\/E3"],"_fave_property_id":["1016\/E3"],"_immonex_translation_id":["1016\/E3"],"_immonex_iso_country":["DEU"],"fave_nebenkosten":["3,90&nbsp;\u20ac"],"_openimmo_obid":["B91FB3B1629C44FFB89FFB3D29AF8ACA"],"_openimmo_anid":["0000"],"_immonex_group_number":[""],"_immonex_group_id":[""],"_immonex_group_master":[""],"_immonex_import_meta":["a:6:{s:8:\"zip_file\";s:131:\"\/www\/htdocs\/w0172e0e\/ruhr-real_2024\/wp-content\/uploads\/immonex-openimmo-import\/users\/RUHRREAL\/Immowelt_estatePro_20260430151822.zip\";s:8:\"xml_file\";s:158:\"\/www\/htdocs\/w0172e0e\/ruhr-real_2024\/wp-content\/uploads\/immonex-openimmo-import\/immowelt_estatepro_20260430151822\/Homepage_2024_NEW_estatePro20260430151822.xml\";s:12:\"mapping_file\";s:116:\"\/www\/htdocs\/w0172e0e\/ruhr-real_2024\/wp-content\/uploads\/immonex-openimmo-import\/mappings\/houzez_ruhrreal_20260325.csv\";s:9:\"timestamp\";i:1777555155;s:4:\"date\";s:10:\"2026-04-30\";s:4:\"time\";s:8:\"15:19:15\";}"],"_is_immonex_import_property":["1"],"_immonex_is_reference":[""],"_immonex_is_sold":[""],"_immonex_is_reserved":[""],"_immonex_is_available":["1"],"_immonex_areabutler_url_with_address":[""],"_immonex_areabutler_url_no_address":[""],"_immonex_areabutler_url":[""],"additional_features":["a:13:{i:0;a:2:{s:29:\"fave_additional_feature_title\";s:14:\"Nettokaltmiete\";s:29:\"fave_additional_feature_value\";s:14:\"12,50&nbsp;\u20ac\";}i:1;a:2:{s:29:\"fave_additional_feature_title\";s:9:\"Kaltmiete\";s:29:\"fave_additional_feature_value\";s:14:\"12,50&nbsp;\u20ac\";}i:2;a:2:{s:29:\"fave_additional_feature_title\";s:29:\"monatl. Betriebs-\/Nebenkosten\";s:29:\"fave_additional_feature_value\";s:13:\"3,90&nbsp;\u20ac\";}i:3;a:2:{s:29:\"fave_additional_feature_title\";s:33:\"Heizkosten in Warmmiete enthalten\";s:29:\"fave_additional_feature_value\";s:4:\"nein\";}i:4;a:2:{s:29:\"fave_additional_feature_title\";s:32:\"Preise zuz\u00fcglich Mehrwertsteuer\";s:29:\"fave_additional_feature_value\";s:4:\"nein\";}i:5;a:2:{s:29:\"fave_additional_feature_title\";s:23:\"Netto-Kaltmiete pro m\u00b2\";s:29:\"fave_additional_feature_value\";s:14:\"12,50&nbsp;\u20ac\";}i:6;a:2:{s:29:\"fave_additional_feature_title\";s:10:\"MwSt.-Satz\";s:29:\"fave_additional_feature_value\";s:9:\"19&nbsp;%\";}i:7;a:2:{s:29:\"fave_additional_feature_title\";s:12:\"B\u00fcrofl\u00e4che\";s:29:\"fave_additional_feature_value\";s:12:\"673&nbsp;m\u00b2\";}i:8;a:2:{s:29:\"fave_additional_feature_title\";s:16:\"B\u00fcroteilfl\u00e4che\";s:29:\"fave_additional_feature_value\";s:12:\"673&nbsp;m\u00b2\";}i:9;a:2:{s:29:\"fave_additional_feature_title\";s:10:\"Teilbar ab\";s:29:\"fave_additional_feature_value\";s:12:\"673&nbsp;m\u00b2\";}i:10;a:2:{s:29:\"fave_additional_feature_title\";s:13:\"Stellplatzart\";s:29:\"fave_additional_feature_value\";s:9:\"Freiplatz\";}i:11;a:2:{s:29:\"fave_additional_feature_title\";s:7:\"Zustand\";s:29:\"fave_additional_feature_value\";s:8:\"gepflegt\";}i:12;a:2:{s:29:\"fave_additional_feature_title\";s:27:\"Immobilie ist verf\u00fcgbar ab\";s:29:\"fave_additional_feature_value\";s:17:\"nach Vereinbarung\";}}"],"fave_additional_features_enable":["enable"],"_immonex_custom_fields":["a:1:{s:23:\"Energieausweis-Jahrgang\";a:5:{s:14:\"mapping_source\";s:38:\"zustand_angaben->energiepass->jahrgang\";s:4:\"name\";s:0:\"\";s:5:\"group\";s:5:\"epass\";s:5:\"value\";s:13:\"not available\";s:19:\"value_before_filter\";s:4:\"ohne\";}}"],"_immonex_property_xml_source":["<?xml version=\"1.0\"?>\n<immobilie>\n<objektkategorie>\n<nutzungsart WOHNEN=\"false\" GEWERBE=\"true\"\/>\n<vermarktungsart KAUF=\"false\" MIETE_PACHT=\"true\"\/>\n<objektart>\n<buero_praxen buero_typ=\"BUEROHAUS\"\/>\n<\/objektart>\n<user_defined_simplefield\/>\n<\/objektkategorie>\n<geo>\n<plz>47057<\/plz>\n<ort>Duisburg<\/ort>\n<strasse>M&#xFC;lheimer Stra&#xDF;e<\/strasse>\n<hausnummer>72-74<\/hausnummer>\n<land iso_land=\"DEU\"\/>\n<lage_im_bau\/>\n<regionaler_zusatz>Neudorf-Nord (Duisburg)<\/regionaler_zusatz>\n<\/geo>\n<kontaktperson>\n<email_zentrale>anfrage@ruhr-real.de<\/email_zentrale>\n<email_direkt>bruckmann@ruhr-real.de<\/email_direkt>\n<tel_durchw>+49 201 99996337<\/tel_durchw>\n<tel_fax>+49 201 99996344<\/tel_fax>\n<tel_handy>+49 172 7088870<\/tel_handy>\n<name>Bruckmann<\/name>\n<vorname>Jonas<\/vorname>\n<anrede>Herr<\/anrede>\n<firma>RUHR REAL GmbH<\/firma>\n<strasse>Holsterhauser Platz<\/strasse>\n<hausnummer>2<\/hausnummer>\n<plz>45147<\/plz>\n<ort>Essen<\/ort>\n<adressfreigabe>true<\/adressfreigabe>\n<\/kontaktperson>\n<preise>\n<nettokaltmiete>12.50<\/nettokaltmiete>\n<kaltmiete>12.50<\/kaltmiete>\n<nebenkosten>3.90<\/nebenkosten>\n<heizkosten_enthalten>false<\/heizkosten_enthalten>\n<zzg_mehrwertsteuer>false<\/zzg_mehrwertsteuer>\n<preis_zeiteinheit\/>\n<mietpreis_pro_qm>12.5000<\/mietpreis_pro_qm>\n<provisionspflichtig>false<\/provisionspflichtig>\n<waehrung iso_waehrung=\"EUR\"\/>\n<mwst_satz>19.00<\/mwst_satz>\n<stp_carport\/>\n<stp_duplex\/>\n<stp_freiplatz\/>\n<stp_garage\/>\n<stp_parkhaus\/>\n<stp_tiefgarage\/>\n<\/preise>\n<bieterverfahren\/>\n<versteigerung\/>\n<flaechen>\n<bueroflaeche>673<\/bueroflaeche>\n<bueroteilflaeche>673<\/bueroteilflaeche>\n<teilbar_ab>673<\/teilbar_ab>\n<anzahl_stellplaetze type=\"xsd:decimal\">29<\/anzahl_stellplaetze>\n<\/flaechen>\n<ausstattung>\n<raeume_veraenderbar>true<\/raeume_veraenderbar>\n<bad\/>\n<kueche\/>\n<heizungsart\/>\n<befeuerung\/>\n<fahrstuhl PERSONEN=\"true\"\/>\n<stellplatzart FREIPLATZ=\"true\"\/>\n<ausricht_balkon_terrasse\/>\n<barrierefrei>true<\/barrierefrei>\n<angeschl_gastronomie\/>\n<sicherheitstechnik\/>\n<\/ausstattung>\n<zustand_angaben>\n<zustand zustand_art=\"GEPFLEGT\"\/>\n<energiepass>\n<jahrgang>ohne<\/jahrgang>\n<\/energiepass>\n<\/zustand_angaben>\n<bewertung\/>\n<infrastruktur\/>\n<freitexte>\n<objekttitel>Alleinauftrag: Modern ausgestattete B&#xFC;rofl&#xE4;chen | repr&#xE4;sentatives Geb&#xE4;ude | Stellpl&#xE4;tze<\/objekttitel>\n<lage>Das einzigartige moderne B&#xFC;rogeb&#xE4;ude befindet sich in unmittelbarer N&#xE4;he zur Duisburger Innenstadt sowie zur Uni Duisburg. Der Hauptbahnhof ist fu&#xDF;l&#xE4;ufig in 5 Minuten erreichbar.\nDie A40, A3 und A59 befinden sich nur wenige Fahrminuten entfernt. &#xD6;PNV-Anbindungen sind innerhalb weniger Gehminuten zu erreichen. Durch die Lage an einer stark frequentierten Stra&#xDF;e profitiert das Geb&#xE4;ude von seiner Sichtbarkeit und seiner Werbem&#xF6;glichkeit.\n\nBedeutende Unternehmen in der B&#xFC;romarktzone: Targo Bank Zentrale, DB Schenker.\n\nHotels der Umgebung: Hotel Friedrichs, B&amp;B Hotels, ibis Hotel, Intercity Hotel<\/lage>\n<ausstatt_beschr>&#x2022; Sonnenschutz: au&#xDF;enliegend, elektrisch\n&#x2022; Bodenbelag: nach Mieterwunsch\n&#x2022; Klimatisierung: Klimaanlage\n&#x2022; Verkabelung: CAT-7\n&#x2022; Kabelf&#xFC;hrung: Hohlraumboden\n&#x2022; Beleuchtung: Deckenleuchten\n&#x2022; Teek&#xFC;che: vorhanden\n&#x2022; Aufzug: Personenaufzug\n&#x2022; Barrierearm: ebenerdiger Zugang\n&#x2022; Akustiksegel\n\nDie Ausstattung kann kann bei Bedarf angepasst werden!\n\nHighlights:\n\n&#x2022; flexible B&#xFC;rokombinationen\n&#x2022; Industrial Design\n&#x2022; Cityn&#xE4;he\n&#x2022; Glasfaseranschluss\n&#x2022; individuelle Grundrissgestaltung\n&#x2022; viele Stellpl&#xE4;tze<\/ausstatt_beschr>\n<objektbeschreibung>Die zentral gelegene, ansprechende B&#xFC;roimmobilie besticht mit einer modernen Au&#xDF;enfassade aus dunklen Klinkersteinen. Zahlreiche Fensterfronten sorgen f&#xFC;r zeitgem&#xE4;&#xDF;e, helle Arbeitsr&#xE4;ume. Die einzelnen B&#xFC;roetagen werden &#xFC;ber einen Personenaufzug erschlossen. Dar&#xFC;ber hinaus werden dem Nutzer Open Space Fl&#xE4;chen sowie Einzel- und Gruppenb&#xFC;ros im Industrial Design mit Akustiksegeln, effizienter CAT-7 Verkabelung und Klimaanlage geboten. Stellpl&#xE4;tze stehen zur Anmietung auf dem hauseigenen Grundst&#xFC;ck bereit.\n\nZur Zeit stehen folgende Fl&#xE4;chen zur Disposition:\n\n2. OG: 359 m&#xB2;\n4. OG: 650 m&#xB2;<\/objektbeschreibung><sonstige_angaben>Es gelten ausschlie&#xDF;lich unsere AGB (www.ruhr-real.de\/agb). Wir m&#xF6;chten Sie darauf hinweisen, dass die Angaben ausschlie&#xDF;lich auf den uns vom Eigent&#xFC;mer &#xFC;bermittelten Unterlagen und Informationen basieren. F&#xFC;r Richtigkeit und Vollst&#xE4;ndigkeit &#xFC;bernehmen wir keine Gew&#xE4;hr. Zwischenvermietung vorbehalten.<\/sonstige_angaben>\n<\/freitexte>\n<anhaenge>\n<anhang location=\"EXTERN\" gruppe=\"TITELBILD\">\n<anhangtitel>Drohnenaufnahme<\/anhangtitel>\n<format>jpg<\/format>\n<daten>\n<pfad>f8f986d2b49c49dfbae6c1331ea074c4.jpg<\/pfad>\n<\/daten>\n<\/anhang>\n<anhang location=\"EXTERN\" gruppe=\"BILD\">\n<anhangtitel>Innenaufnahme<\/anhangtitel>\n<format>jpg<\/format>\n<daten>\n<pfad>7f5d1404bb194c4f83e41a5e63b7aa32.jpg<\/pfad>\n<\/daten>\n<\/anhang>\n<anhang location=\"EXTERN\" gruppe=\"BILD\">\n<anhangtitel>Innenaufnahme<\/anhangtitel>\n<format>jpg<\/format>\n<daten>\n<pfad>4cd10aef16fd46048b2373a7183e2d80.jpg<\/pfad>\n<\/daten>\n<\/anhang>\n<anhang location=\"EXTERN\" gruppe=\"BILD\">\n<anhangtitel>Innenaufnahme<\/anhangtitel>\n<format>jpg<\/format>\n<daten>\n<pfad>f2437783228546309a2e9afe97b79acc.jpg<\/pfad>\n<\/daten>\n<\/anhang>\n<anhang location=\"EXTERN\" gruppe=\"BILD\">\n<anhangtitel>Au&#xDF;enbild<\/anhangtitel>\n<format>jpg<\/format>\n<daten>\n<pfad>6ed170eb32c640caa0956a67f483eccf.jpg<\/pfad>\n<\/daten>\n<\/anhang>\n<anhang location=\"EXTERN\" gruppe=\"GRUNDRISS\">\n<anhangtitel>2. OG<\/anhangtitel>\n<format>JPG<\/format>\n<daten>\n<pfad>211bc2850ea048e7882bc6e6fc20d978.JPG<\/pfad>\n<\/daten>\n<\/anhang>\n<anhang location=\"EXTERN\" gruppe=\"GRUNDRISS\">\n<anhangtitel>4. OG<\/anhangtitel>\n<format>JPG<\/format>\n<daten>\n<pfad>857d24643752447589c6747d611cdc48.JPG<\/pfad>\n<\/daten>\n<\/anhang>\n<\/anhaenge>\n<verwaltung_objekt>\n<objektadresse_freigeben>false<\/objektadresse_freigeben>\n<verfuegbar_ab>nach Vereinbarung<\/verfuegbar_ab>\n<geschlecht\/>\n<gewerbliche_nutzung>true<\/gewerbliche_nutzung>\n<\/verwaltung_objekt>\n<verwaltung_techn>\n<objektnr_intern>B91FB3B1629C44FFB89FFB3D29AF8ACA<\/objektnr_intern>\n<objektnr_extern>1016\/E3<\/objektnr_extern>\n<aktion aktionart=\"CHANGE\"\/>\n<openimmo_obid>B91FB3B1629C44FFB89FFB3D29AF8ACA<\/openimmo_obid>\n<kennung_ursprung>estatePro V10.0.0.8<\/kennung_ursprung>\n<stand_vom>2026-04-30<\/stand_vom>\n<\/verwaltung_techn>\n<user_defined_simplefield feldname=\"Startseite\">Nein<\/user_defined_simplefield>\n<\/immobilie>\n"],"_immonex_energy_class":[""],"_immonex_energy_class_id":["0"],"_thumbnail_id":["188615"],"fave_property_images":["188615","188616","188617","188618","188619"],"fave_floor_plans_enable":["enable"],"floor_plans":["a:2:{i:0;a:7:{s:15:\"fave_plan_title\";s:5:\"2. OG\";s:15:\"fave_plan_rooms\";s:0:\"\";s:19:\"fave_plan_bathrooms\";s:0:\"\";s:15:\"fave_plan_price\";s:0:\"\";s:14:\"fave_plan_size\";s:0:\"\";s:15:\"fave_plan_image\";s:84:\"https:\/\/ruhr-real.de\/wp-content\/uploads\/2026\/04\/211bc2850ea048e7882bc6e6fc20d978.jpg\";s:21:\"fave_plan_description\";s:0:\"\";}i:1;a:7:{s:15:\"fave_plan_title\";s:5:\"4. OG\";s:15:\"fave_plan_rooms\";s:0:\"\";s:19:\"fave_plan_bathrooms\";s:0:\"\";s:15:\"fave_plan_price\";s:0:\"\";s:14:\"fave_plan_size\";s:0:\"\";s:15:\"fave_plan_image\";s:84:\"https:\/\/ruhr-real.de\/wp-content\/uploads\/2026\/04\/857d24643752447589c6747d611cdc48.jpg\";s:21:\"fave_plan_description\";s:0:\"\";}}"],"fave_prop_homeslider":["yes"],"fave_prop_slider_image":["188615"],"fave_agents":["111496"],"fave_agent_display_option":["agent_info"],"fave_single_top_area":["global"],"fave_single_content_area":["global"],"fave_property_map":["1"],"fave_property_map_street_view":["hide"],"fave_property_size_prefix":["m\u00b2"],"fave_property_land_postfix":["m\u00b2"],"fave_featured":["0"],"houzez_featured_listing_date":[""],"fave_property_price_postfix":["pro&nbsp;m\u00b2"],"fave_currency":["EUR"],"fave_currency_info":["a:8:{s:2:\"id\";s:1:\"1\";s:13:\"currency_name\";s:4:\"Euro\";s:13:\"currency_code\";s:3:\"EUR\";s:15:\"currency_symbol\";s:3:\"\u20ac\";s:17:\"currency_position\";s:5:\"after\";s:16:\"currency_decimal\";s:1:\"2\";s:26:\"currency_decimal_separator\";s:1:\",\";s:27:\"currency_thousand_separator\";s:1:\".\";}"],"_wpml_word_count":["395"],"houzez_total_property_views":["16"],"houzez_views_by_date":["a:3:{s:10:\"04-30-2026\";i:4;s:10:\"05-01-2026\";i:11;s:10:\"05-02-2026\";i:1;}"],"houzez_recently_viewed":["2026-05-02 04:40:51"],"_elementor_page_assets":["a:0:{}"]},"_links":{"self":[{"href":"https:\/\/ruhr-real.de\/en\/wp-json\/wp\/v2\/properties\/188614","targetHints":{"allow":["GET"]}}],"collection":[{"href":"https:\/\/ruhr-real.de\/en\/wp-json\/wp\/v2\/properties"}],"about":[{"href":"https:\/\/ruhr-real.de\/en\/wp-json\/wp\/v2\/types\/property"}],"author":[{"embeddable":true,"href":"https:\/\/ruhr-real.de\/en\/wp-json\/wp\/v2\/users\/1"}],"version-history":[{"count":0,"href":"https:\/\/ruhr-real.de\/en\/wp-json\/wp\/v2\/properties\/188614\/revisions"}],"wp:featuredmedia":[{"embeddable":true,"href":"https:\/\/ruhr-real.de\/en\/wp-json\/wp\/v2\/media\/188615"}],"wp:attachment":[{"href":"https:\/\/ruhr-real.de\/en\/wp-json\/wp\/v2\/media?parent=188614"}],"wp:term":[{"taxonomy":"property_type","embeddable":true,"href":"https:\/\/ruhr-real.de\/en\/wp-json\/wp\/v2\/property_type?post=188614"},{"taxonomy":"property_status","embeddable":true,"href":"https:\/\/ruhr-real.de\/en\/wp-json\/wp\/v2\/property_status?post=188614"},{"taxonomy":"property_feature","embeddable":true,"href":"https:\/\/ruhr-real.de\/en\/wp-json\/wp\/v2\/property_feature?post=188614"},{"taxonomy":"property_label","embeddable":true,"href":"https:\/\/ruhr-real.de\/en\/wp-json\/wp\/v2\/property_label?post=188614"},{"taxonomy":"property_country","embeddable":true,"href":"https:\/\/ruhr-real.de\/en\/wp-json\/wp\/v2\/property_country?post=188614"},{"taxonomy":"property_state","embeddable":true,"href":"https:\/\/ruhr-real.de\/en\/wp-json\/wp\/v2\/property_state?post=188614"},{"taxonomy":"property_city","embeddable":true,"href":"https:\/\/ruhr-real.de\/en\/wp-json\/wp\/v2\/property_city?post=188614"},{"taxonomy":"property_area","embeddable":true,"href":"https:\/\/ruhr-real.de\/en\/wp-json\/wp\/v2\/property_area?post=188614"}],"curies":[{"name":"wp","href":"https:\/\/api.w.org\/{rel}","templated":true}]}}